{"id":9989,"date":"2016-08-03T15:34:45","date_gmt":"2016-08-03T13:34:45","guid":{"rendered":"https:\/\/www.nooteboom.com\/?page_id=9989&#038;lang=pl"},"modified":"2016-08-10T14:20:04","modified_gmt":"2016-08-10T12:20:04","slug":"1979-2012-iv-pokolenie","status":"publish","type":"page","link":"https:\/\/www.nooteboom.com\/pl\/kim-jestesmy\/historia\/1979-2012-iv-pokolenie\/","title":{"rendered":"1979-2012: IV pokolenie"},"content":{"rendered":"<div class=\"wpb-content-wrapper\"><p>[vc_row][vc_column][vc_column_text]Przej\u0119cie przedsi\u0119biorstwa C.M.K. w Wijchen prowadzi do za\u0142o\u017cenia firmy Nooteboom Trailers B.V. w Wijchen. Znacznie wzrasta poziom eksportu; zostaje ustanowiony mi\u0119dzynarodowy system dystrybucji cz\u0119\u015bci. W 1977 zastaj\u0105 po\u0142o\u017cone fundamenty pod zupe\u0142nie nowy zak\u0142ad z ponad 11 000 m2 powierzchni roboczej. Plac\u00f3wka zostaje oficjalnie otwarta w 1979 roku przez Nelie Smit-Kroes (zdj\u0119cie na dole po lewej), \u00f3wczesn\u0105 Minister Transportu i Rob\u00f3t Publicznych. Po 40 latach Toon Nooteboom w 1979 roku przekazuje rodzinn\u0105 firm\u0119 swoim synom.<\/p>\n<p>Po swoim odej\u015bciu Anton podkre\u015bla czynnik decyduj\u0105cy o sukcesie przedsi\u0119biorstwa Nooteboom: \u201eBudujemy pojazdy, kt\u00f3re s\u0105 niemal niezniszczalne i zachowuj\u0105 swoj\u0105 warto\u015b\u0107 przez sw\u00f3j ca\u0142y 30-letni czas u\u017cytkowania\u201c. Jasne jest, \u017ce rada ta nie zosta\u0142a zignorowana, jako \u017ce u\u017cywane naczepy Nooteboom wci\u0105\u017c maj\u0105 najwi\u0119ksz\u0105 warto\u015b\u0107 rynkow\u0105. Z okazji jej stulecia w 1981 roku firmie rodzinnej zostaje przyznany kr\u00f3lewski tytu\u0142 \u201eKoninklijk\u201c, dzi\u0119ki jej wyj\u0105tkowej pozycji w sektorze transportowym.[\/vc_column_text][\/vc_column][\/vc_row][vc_row][vc_column width=&#8221;1\/2&#8243;][vc_single_image image=&#8221;1154&#8243; img_size=&#8221;large&#8221;][vc_single_image image=&#8221;1155&#8243; img_size=&#8221;large&#8221;][\/vc_column][vc_column width=&#8221;1\/2&#8243;][vc_column_text]W 2006 roku Nooteboom przejmuje firm\u0119 Floor Trailers (kt\u00f3rej siedziba tak\u017ce znajduje si\u0119 w Wijchen) i\u00a0Kennis Trailers. K\u0142adzie to te\u017c fundament pod Nooteboom Group [Grup\u0119 Nooteboom]. Ca\u0142a grupa sk\u0142ada si\u0119 teraz z Nooteboom Trailers, Nooteboom Trailers Occasion Sales (NTOS) i Nooteboom Floor Trailer Service (NFTS).\u00a0W 2010 roku marki Kennis i Floor zostaj\u0105 sprzedane firmie Pacton Trailers z Ommen. Sprzeda\u017c obu marek przez Nooteboom Group wynika z przegl\u0105du strategicznego dokonanego w reakcji na zapa\u015b\u0107 kredytow\u0105, w trakcie kt\u00f3rego firma Nooteboom podejmuje decyzj\u0119, aby skoncentrowa\u0107 si\u0119 wy\u0142\u0105cznie na rynku nienormatywnego transportu drogowego, innowacjach i rozwijaniu oferty dla swojej bazy klient\u00f3w mi\u0119dzynarodowych w sektorze transportu specjalnego. Jest to te\u017c pow\u00f3d, dla kt\u00f3rego NFTS prowadzi dalsz\u0105 dzia\u0142alno\u015b\u0107 pod nazw\u0105 Nooteboom Trailer Service, a NTOS pod nazw\u0105 Nooteboom Global Trailer Centre.<\/p>\n<p>Koninklijke Nooteboom Group w Wijchen sk\u0142ada si\u0119 teraz z trzech sp\u00f3\u0142ek zale\u017cnych, kt\u00f3re specjalizuj\u0105 si\u0119 w rozwoju, produkcji, \u015bwiadczeniu us\u0142ug i sprzeda\u017cy rozwi\u0105za\u0144 transportowych w zakresie transportu nienormatywnego.\u00a0Jako \u201eWyznaczaj\u0105cy Trendy w Naczepach\u201c (\u201eTrendseter in Trailers\u201c), firma Nooteboom ma na celu spe\u0142nienie wszelkich wymaga\u0144 rynku dzi\u0119ki nowym produktom.<\/p>\n<p>To wymagaj\u0105cy i nieprzerwany proces.\u00a0Polityk\u0105 firmy jest widoczne i strukturalne inwestowanie w klient\u00f3w, wiedz\u0119 i jako\u015b\u0107.<\/p>\n<p><a class=\"button\" href=\"https:\/\/www.nooteboom.com\/pl\/kim-jestesmy\/historia\/\">Powr\u00f3t do widoku og\u00f3lnego<\/a>\u00a0<a class=\"button\" href=\"https:\/\/www.nooteboom.com\/pl\/kim-jestesmy\/historia\/2012-dzis-v-pokolenie-marinka-nooteboom\/\">2012 do dzi\u015b V pokolenie<\/a>[\/vc_column_text][\/vc_column][\/vc_row][vc_row full_width=&#8221;stretch_row_content_no_spaces&#8221; row_class=&#8221;&#8221;][vc_column]\n\t<div id=\"slider-69f088db8f8e8\" class=\"vc_timeline timeline centered\">\n\n\t\t<ul class=\"slides\">\n\t\t\t\t\t\t\t<li>\n\t\t\t\t\t\t\t\t\t\t<a class=\"timeline__inner\" target=\"\" href=\"https:\/\/www.nooteboom.com\/pl\/kim-jestesmy\/historia\/1881-1921-pokolenie\/\">\n\t\t\t\t\t\t\t\t\t\t\t\t\t\t\t\t\t\t<img decoding=\"async\" src=\"https:\/\/www.nooteboom.com\/wp-content\/uploads\/Nooteboom-horseshoes-fitting-275x165.jpg\" alt=\"1st generation\">\n\t\t\t\t\t\t\t\t\t\t\t\t\t\t\t\t\t\t\t<p class=\"timeline__title\">1881-1921: I pokolenie<\/p>\n\t\t\t\t\t\t\t\t\t\t\t\t\t\t\t\t\t\t\t<p>W 1881 roku 26-letni Willem Nooteboom (zdj\u0119cie poni\u017cej), syn kowala z Schiebroek, otwiera swoj\u0105 w\u0142asn\u0105 ku\u017ani\u0119 w wiosce Kethel, o rzut beretem od Rotterdamu.<\/p>\n\t\t\t\t\t\t\t\t\t\t\t\t\t\t\t\t\t<\/a>\n\t\t\t\t\t\t\t\t\t<\/li>\n\t\t\t\t\t\t\t<li>\n\t\t\t\t\t\t\t\t\t\t<a class=\"timeline__inner\" target=\"\" href=\"https:\/\/www.nooteboom.com\/pl\/kim-jestesmy\/historia\/1921-1939-ii-pokolenie\/\">\n\t\t\t\t\t\t\t\t\t\t\t\t\t\t\t\t\t\t<img decoding=\"async\" src=\"https:\/\/www.nooteboom.com\/wp-content\/uploads\/Henk-Jan-Nooteboom-275x165.jpg\" alt=\"Henk Jan Nooteboom\">\n\t\t\t\t\t\t\t\t\t\t\t\t\t\t\t\t\t\t\t<p class=\"timeline__title\">1921-1939: II pokolenie<\/p>\n\t\t\t\t\t\t\t\t\t\t\t\t\t\t\t\t\t\t\t<p>Do\u0142\u0105czaj\u0105c do firmy w 1921 roku, Henk Jan Nooteboom (zdj\u0119cie poni\u017cej) przewiduje rozw\u00f3j pojazd\u00f3w.\n<\/p>\n\t\t\t\t\t\t\t\t\t\t\t\t\t\t\t\t\t<\/a>\n\t\t\t\t\t\t\t\t\t<\/li>\n\t\t\t\t\t\t\t<li>\n\t\t\t\t\t\t\t\t\t\t<a class=\"timeline__inner\" target=\"\" href=\"https:\/\/www.nooteboom.com\/pl\/kim-jestesmy\/historia\/1939-1953-iii-pokolenie\/\">\n\t\t\t\t\t\t\t\t\t\t\t\t\t\t\t\t\t\t<img decoding=\"async\" src=\"https:\/\/www.nooteboom.com\/wp-content\/uploads\/Nooteboom-Tipper-275x165.jpg\" alt=\"Nooteboom Tipper\">\n\t\t\t\t\t\t\t\t\t\t\t\t\t\t\t\t\t\t\t<p class=\"timeline__title\">1939-1953: III pokolenie<\/p>\n\t\t\t\t\t\t\t\t\t\t\t\t\t\t\t\t\t\t\t<p>W 1939 roku Anton Nooteboom do\u0142\u0105cza do firmy, w kt\u00f3ra w ci\u0105gu nast\u0119pnych kilku lat z powodzeniem zostanie producentem nowoczesnych pojazd\u00f3w transportowych.\n<\/p>\n\t\t\t\t\t\t\t\t\t\t\t\t\t\t\t\t\t<\/a>\n\t\t\t\t\t\t\t\t\t<\/li>\n\t\t\t\t\t\t\t<li>\n\t\t\t\t\t\t\t\t\t\t<a class=\"timeline__inner\" target=\"\" href=\"https:\/\/www.nooteboom.com\/pl\/kim-jestesmy\/historia\/1953-1979-iii-pokolenie\/\">\n\t\t\t\t\t\t\t\t\t\t\t\t\t\t\t\t\t\t<img decoding=\"async\" src=\"https:\/\/www.nooteboom.com\/wp-content\/uploads\/Nooteboom-Utrecht-275x165.jpg\" alt=\"Nooteboom Utrecht\">\n\t\t\t\t\t\t\t\t\t\t\t\t\t\t\t\t\t\t\t<p class=\"timeline__title\">1953-1979: III pokolenie<\/p>\n\t\t\t\t\t\t\t\t\t\t\t\t\t\t\t\t\t\t\t<p>Po katastrofalnej powodzi w Zelandii w 1953 roku rozpoczyna si\u0119 odbudowa regionu; pojawia si\u0119 wielkie zapotrzebowanie na naczepy niskopodwoziowe i koparki.<\/p>\n\t\t\t\t\t\t\t\t\t\t\t\t\t\t\t\t\t<\/a>\n\t\t\t\t\t\t\t\t\t<\/li>\n\t\t\t\t\t\t\t<li>\n\t\t\t\t\t\t\t\t\t\t<a class=\"timeline__inner\" target=\"\" href=\"https:\/\/www.nooteboom.com\/pl\/kim-jestesmy\/historia\/1967-1979-iv-pokolenie\/\">\n\t\t\t\t\t\t\t\t\t\t\t\t\t\t\t\t\t\t<img decoding=\"async\" src=\"https:\/\/www.nooteboom.com\/wp-content\/uploads\/Nooteboom-ODU-low-loader-275x165.png\" alt=\"Nooteboom ODU low-loader\">\n\t\t\t\t\t\t\t\t\t\t\t\t\t\t\t\t\t\t\t<p class=\"timeline__title\">1967-1979: IV pokolenie<\/p>\n\t\t\t\t\t\t\t\t\t\t\t\t\t\t\t\t\t\t\t<p>Anton Nooteboom jest zaanga\u017cowany w dzia\u0142alno\u015b\u0107 rodzinnej firmy do 1979 roku, ale w 1967 roku otrzymuje wsparcie. Po powrocie z pracy za granic\u0105 Dick Nooteboom jest pierwszym synem, kt\u00f3ry do\u0142\u0105cza do firmy.\n\n<\/p>\n\t\t\t\t\t\t\t\t\t\t\t\t\t\t\t\t\t<\/a>\n\t\t\t\t\t\t\t\t\t<\/li>\n\t\t\t\t\t\t\t<li>\n\t\t\t\t\t\t\t\t\t\t<a class=\"timeline__inner\" target=\"\" href=\"https:\/\/www.nooteboom.com\/pl\/kim-jestesmy\/historia\/1979-2012-iv-pokolenie\/\">\n\t\t\t\t\t\t\t\t\t\t\t\t\t\t\t\t\t\t<img decoding=\"async\" src=\"https:\/\/www.nooteboom.com\/wp-content\/uploads\/Opening-Nooteboom-Wijchen-with-Neelie-Smit-Kroes-275x165.jpg\" alt=\"Opening Nooteboom Wijchen with Neelie Smit Kroes\">\n\t\t\t\t\t\t\t\t\t\t\t\t\t\t\t\t\t\t\t<p class=\"timeline__title\">1979-2012: IV pokolenie<\/p>\n\t\t\t\t\t\t\t\t\t\t\t\t\t\t\t\t\t\t\t<p>Przej\u0119cie przedsi\u0119biorstwa C.M.K. w Wijchen prowadzi do za\u0142o\u017cenia firmy Nooteboom Trailers B.V. w Wijchen. Znacznie wzrasta poziom eksportu; zostaje ustanowiony mi\u0119dzynarodowy system dystrybucji cz\u0119\u015bci. <\/p>\n\t\t\t\t\t\t\t\t\t\t\t\t\t\t\t\t\t<\/a>\n\t\t\t\t\t\t\t\t\t<\/li>\n\t\t\t\t\t\t\t<li>\n\t\t\t\t\t\t\t\t\t\t<a class=\"timeline__inner\" target=\"\" href=\"https:\/\/www.nooteboom.com\/pl\/kim-jestesmy\/historia\/2012-dzis-v-pokolenie-marinka-nooteboom\/\">\n\t\t\t\t\t\t\t\t\t\t\t\t\t\t\t\t\t\t<img decoding=\"async\" src=\"https:\/\/www.nooteboom.com\/wp-content\/uploads\/Marinka-Nooteboom-1-275x165.jpg\" alt=\"Marinka Nooteboom\">\n\t\t\t\t\t\t\t\t\t\t\t\t\t\t\t\t\t\t\t<p class=\"timeline__title\">2012 do dzi\u015b V pokolenie: Marinka Nooteboom<\/p>\n\t\t\t\t\t\t\t\t\t\t\t\t\t\t\t\t\t\t\t<p>W 2012 roku Marinka Nooteboom, c\u00f3rka Henka Nootebooma, zostaje powo\u0142ana na Dyrektora Generalnego Koninklijke Nooteboom Group, firmy zatrudniaj\u0105cej 350 pracownik\u00f3w.<\/p>\n\t\t\t\t\t\t\t\t\t\t\t\t\t\t\t\t\t<\/a>\n\t\t\t\t\t\t\t\t\t<\/li>\n\t\t\t\t\t<\/ul>\n\n\t<\/div>\n\n\t<script type=\"text\/javascript\">\n\t\tjQuery( document ).ready( function( $ ) {\n\n\t\t\t$( '#slider-69f088db8f8e8' ).flexslider( {\n\t\t\t\tanimation: 'slide',\n\t\t\t\tanimationLoop: false,\n\t\t\t\titemWidth: 295,\n\t\t\t\titemMargin: 0,\n\t\t\t\tminItems: 1,\n\t\t\t\tmaxItems: 4,\n\t\t\t\tmove: 1,\n\t\t\t\tdirectionNav: true,\n\t\t\t\tcontrolNav: false\n\t\t\t} );\n\n\t\t\t$( '#slider-69f088db8f8e8 .timeline__prev' ).on( 'click', function( event ) {\n\n\t\t\t\tevent.preventDefault();\n\t\t\t\t$( '#slider-69f088db8f8e8' ).flexslider( 'prev' )\n\n\t\t\t} );\n\n\t\t\t$( '#slider-69f088db8f8e8 .timeline__next' ).on( 'click', function( event ) {\n\n\t\t\t\tevent.preventDefault();\n\t\t\t\t$( '#slider-69f088db8f8e8' ).flexslider( 'next' )\n\n\t\t\t} );\n\n\t\t} );\n\t<\/script>\n\n[\/vc_column][\/vc_row]<\/p>\n<\/div>","protected":false},"excerpt":{"rendered":"[vc_row][vc_column][vc_column_text]Przej\u0119cie przedsi\u0119biorstwa C.M.K. w Wijchen prowadzi do za\u0142o\u017cenia firmy Nooteboom Trailers B.V. w Wijchen. Znacznie wzrasta poziom eksportu; zostaje ustanowiony&#8230;","protected":false},"author":45,"featured_media":4218,"parent":9977,"menu_order":6,"comment_status":"closed","ping_status":"closed","template":"","meta":{"_acf_changed":false,"inline_featured_image":false,"footnotes":""},"class_list":["post-9989","page","type-page","status-publish","has-post-thumbnail","hentry"],"acf":[],"yoast_head":"<!-- This site is optimized with the Yoast SEO Premium plugin v25.7.1 (Yoast SEO v25.7) - https:\/\/yoast.com\/wordpress\/plugins\/seo\/ -->\n<title>1979-2012: IV pokolenie | Nooteboom Trailers<\/title>\n<meta name=\"description\" content=\"Przej\u0119cie przedsi\u0119biorstwa C.M.K. w Wijchen prowadzi do za\u0142o\u017cenia firmy Nooteboom Trailers B.V. w\u00a0Wijchen.\" \/>\n<meta name=\"robots\" content=\"index, follow, max-snippet:-1, max-image-preview:large, max-video-preview:-1\" \/>\n<link rel=\"canonical\" href=\"https:\/\/www.nooteboom.com\/pl\/kim-jestesmy\/historia\/1979-2012-iv-pokolenie\/\" \/>\n<meta property=\"og:locale\" content=\"pl_PL\" \/>\n<meta property=\"og:type\" content=\"article\" \/>\n<meta property=\"og:title\" content=\"1979-2012: IV pokolenie\" \/>\n<meta property=\"og:description\" content=\"Przej\u0119cie przedsi\u0119biorstwa C.M.K. w Wijchen prowadzi do za\u0142o\u017cenia firmy Nooteboom Trailers B.V. w\u00a0Wijchen.\" \/>\n<meta property=\"og:url\" content=\"https:\/\/www.nooteboom.com\/pl\/kim-jestesmy\/historia\/1979-2012-iv-pokolenie\/\" \/>\n<meta property=\"og:site_name\" content=\"Nooteboom Trailers\" \/>\n<meta property=\"article:publisher\" content=\"https:\/\/nl-nl.facebook.com\/nooteboomtrailers\/\" \/>\n<meta property=\"article:modified_time\" content=\"2016-08-10T12:20:04+00:00\" \/>\n<meta property=\"og:image\" content=\"https:\/\/www.nooteboom.com\/wp-content\/uploads\/Nooteboom-Trailers-Wijchen.jpg\" \/>\n\t<meta property=\"og:image:width\" content=\"839\" \/>\n\t<meta property=\"og:image:height\" content=\"506\" \/>\n\t<meta property=\"og:image:type\" content=\"image\/jpeg\" \/>\n<meta name=\"twitter:card\" content=\"summary_large_image\" \/>\n<meta name=\"twitter:label1\" content=\"Szacowany czas czytania\" \/>\n\t<meta name=\"twitter:data1\" content=\"5 minut\" \/>\n<script type=\"application\/ld+json\" class=\"yoast-schema-graph\">{\"@context\":\"https:\/\/schema.org\",\"@graph\":[{\"@type\":\"WebPage\",\"@id\":\"https:\/\/www.nooteboom.com\/pl\/kim-jestesmy\/historia\/1979-2012-iv-pokolenie\/\",\"url\":\"https:\/\/www.nooteboom.com\/pl\/kim-jestesmy\/historia\/1979-2012-iv-pokolenie\/\",\"name\":\"1979-2012: IV pokolenie | Nooteboom Trailers\",\"isPartOf\":{\"@id\":\"https:\/\/www.nooteboom.com\/pl\/#website\"},\"primaryImageOfPage\":{\"@id\":\"https:\/\/www.nooteboom.com\/pl\/kim-jestesmy\/historia\/1979-2012-iv-pokolenie\/#primaryimage\"},\"image\":{\"@id\":\"https:\/\/www.nooteboom.com\/pl\/kim-jestesmy\/historia\/1979-2012-iv-pokolenie\/#primaryimage\"},\"thumbnailUrl\":\"https:\/\/www.nooteboom.com\/wp-content\/uploads\/Nooteboom-Trailers-Wijchen.jpg\",\"datePublished\":\"2016-08-03T13:34:45+00:00\",\"dateModified\":\"2016-08-10T12:20:04+00:00\",\"description\":\"Przej\u0119cie przedsi\u0119biorstwa C.M.K. w Wijchen prowadzi do za\u0142o\u017cenia firmy Nooteboom Trailers B.V. w\u00a0Wijchen.\",\"breadcrumb\":{\"@id\":\"https:\/\/www.nooteboom.com\/pl\/kim-jestesmy\/historia\/1979-2012-iv-pokolenie\/#breadcrumb\"},\"inLanguage\":\"pl-PL\",\"potentialAction\":[{\"@type\":\"ReadAction\",\"target\":[\"https:\/\/www.nooteboom.com\/pl\/kim-jestesmy\/historia\/1979-2012-iv-pokolenie\/\"]}]},{\"@type\":\"ImageObject\",\"inLanguage\":\"pl-PL\",\"@id\":\"https:\/\/www.nooteboom.com\/pl\/kim-jestesmy\/historia\/1979-2012-iv-pokolenie\/#primaryimage\",\"url\":\"https:\/\/www.nooteboom.com\/wp-content\/uploads\/Nooteboom-Trailers-Wijchen.jpg\",\"contentUrl\":\"https:\/\/www.nooteboom.com\/wp-content\/uploads\/Nooteboom-Trailers-Wijchen.jpg\",\"width\":839,\"height\":506,\"caption\":\"1979-2012: IV pokolenie\"},{\"@type\":\"BreadcrumbList\",\"@id\":\"https:\/\/www.nooteboom.com\/pl\/kim-jestesmy\/historia\/1979-2012-iv-pokolenie\/#breadcrumb\",\"itemListElement\":[{\"@type\":\"ListItem\",\"position\":1,\"name\":\"Home\",\"item\":\"https:\/\/www.nooteboom.com\/pl\/\"},{\"@type\":\"ListItem\",\"position\":2,\"name\":\"Kim jeste\u015bmy\",\"item\":\"https:\/\/www.nooteboom.com\/pl\/kim-jestesmy\/\"},{\"@type\":\"ListItem\",\"position\":3,\"name\":\"Historia\",\"item\":\"https:\/\/www.nooteboom.com\/pl\/kim-jestesmy\/historia\/\"},{\"@type\":\"ListItem\",\"position\":4,\"name\":\"1979-2012: IV pokolenie\"}]},{\"@type\":\"WebSite\",\"@id\":\"https:\/\/www.nooteboom.com\/pl\/#website\",\"url\":\"https:\/\/www.nooteboom.com\/pl\/\",\"name\":\"Nooteboom Trailers\",\"description\":\"Gets you there.\",\"publisher\":{\"@id\":\"https:\/\/www.nooteboom.com\/pl\/#organization\"},\"potentialAction\":[{\"@type\":\"SearchAction\",\"target\":{\"@type\":\"EntryPoint\",\"urlTemplate\":\"https:\/\/www.nooteboom.com\/pl\/?s={search_term_string}\"},\"query-input\":{\"@type\":\"PropertyValueSpecification\",\"valueRequired\":true,\"valueName\":\"search_term_string\"}}],\"inLanguage\":\"pl-PL\"},{\"@type\":\"Organization\",\"@id\":\"https:\/\/www.nooteboom.com\/pl\/#organization\",\"name\":\"Nooteboom Trailers\",\"url\":\"https:\/\/www.nooteboom.com\/pl\/\",\"logo\":{\"@type\":\"ImageObject\",\"inLanguage\":\"pl-PL\",\"@id\":\"https:\/\/www.nooteboom.com\/pl\/#\/schema\/logo\/image\/\",\"url\":\"https:\/\/www.nooteboom.com\/wp-content\/uploads\/logo.png\",\"contentUrl\":\"https:\/\/www.nooteboom.com\/wp-content\/uploads\/logo.png\",\"width\":111,\"height\":66,\"caption\":\"Nooteboom Trailers\"},\"image\":{\"@id\":\"https:\/\/www.nooteboom.com\/pl\/#\/schema\/logo\/image\/\"},\"sameAs\":[\"https:\/\/nl-nl.facebook.com\/nooteboomtrailers\/\",\"https:\/\/nl.linkedin.com\/company\/nooteboom-trailers\",\"https:\/\/www.youtube.com\/user\/Nooteboomtrailers\"]}]}<\/script>\n<!-- \/ Yoast SEO Premium plugin. -->","yoast_head_json":{"title":"1979-2012: IV pokolenie | Nooteboom Trailers","description":"Przej\u0119cie przedsi\u0119biorstwa C.M.K. w Wijchen prowadzi do za\u0142o\u017cenia firmy Nooteboom Trailers B.V. w\u00a0Wijchen.","robots":{"index":"index","follow":"follow","max-snippet":"max-snippet:-1","max-image-preview":"max-image-preview:large","max-video-preview":"max-video-preview:-1"},"canonical":"https:\/\/www.nooteboom.com\/pl\/kim-jestesmy\/historia\/1979-2012-iv-pokolenie\/","og_locale":"pl_PL","og_type":"article","og_title":"1979-2012: IV pokolenie","og_description":"Przej\u0119cie przedsi\u0119biorstwa C.M.K. w Wijchen prowadzi do za\u0142o\u017cenia firmy Nooteboom Trailers B.V. w\u00a0Wijchen.","og_url":"https:\/\/www.nooteboom.com\/pl\/kim-jestesmy\/historia\/1979-2012-iv-pokolenie\/","og_site_name":"Nooteboom Trailers","article_publisher":"https:\/\/nl-nl.facebook.com\/nooteboomtrailers\/","article_modified_time":"2016-08-10T12:20:04+00:00","og_image":[{"width":839,"height":506,"url":"https:\/\/www.nooteboom.com\/wp-content\/uploads\/Nooteboom-Trailers-Wijchen.jpg","type":"image\/jpeg"}],"twitter_card":"summary_large_image","twitter_misc":{"Szacowany czas czytania":"5 minut"},"schema":{"@context":"https:\/\/schema.org","@graph":[{"@type":"WebPage","@id":"https:\/\/www.nooteboom.com\/pl\/kim-jestesmy\/historia\/1979-2012-iv-pokolenie\/","url":"https:\/\/www.nooteboom.com\/pl\/kim-jestesmy\/historia\/1979-2012-iv-pokolenie\/","name":"1979-2012: IV pokolenie | Nooteboom Trailers","isPartOf":{"@id":"https:\/\/www.nooteboom.com\/pl\/#website"},"primaryImageOfPage":{"@id":"https:\/\/www.nooteboom.com\/pl\/kim-jestesmy\/historia\/1979-2012-iv-pokolenie\/#primaryimage"},"image":{"@id":"https:\/\/www.nooteboom.com\/pl\/kim-jestesmy\/historia\/1979-2012-iv-pokolenie\/#primaryimage"},"thumbnailUrl":"https:\/\/www.nooteboom.com\/wp-content\/uploads\/Nooteboom-Trailers-Wijchen.jpg","datePublished":"2016-08-03T13:34:45+00:00","dateModified":"2016-08-10T12:20:04+00:00","description":"Przej\u0119cie przedsi\u0119biorstwa C.M.K. w Wijchen prowadzi do za\u0142o\u017cenia firmy Nooteboom Trailers B.V. w\u00a0Wijchen.","breadcrumb":{"@id":"https:\/\/www.nooteboom.com\/pl\/kim-jestesmy\/historia\/1979-2012-iv-pokolenie\/#breadcrumb"},"inLanguage":"pl-PL","potentialAction":[{"@type":"ReadAction","target":["https:\/\/www.nooteboom.com\/pl\/kim-jestesmy\/historia\/1979-2012-iv-pokolenie\/"]}]},{"@type":"ImageObject","inLanguage":"pl-PL","@id":"https:\/\/www.nooteboom.com\/pl\/kim-jestesmy\/historia\/1979-2012-iv-pokolenie\/#primaryimage","url":"https:\/\/www.nooteboom.com\/wp-content\/uploads\/Nooteboom-Trailers-Wijchen.jpg","contentUrl":"https:\/\/www.nooteboom.com\/wp-content\/uploads\/Nooteboom-Trailers-Wijchen.jpg","width":839,"height":506,"caption":"1979-2012: IV pokolenie"},{"@type":"BreadcrumbList","@id":"https:\/\/www.nooteboom.com\/pl\/kim-jestesmy\/historia\/1979-2012-iv-pokolenie\/#breadcrumb","itemListElement":[{"@type":"ListItem","position":1,"name":"Home","item":"https:\/\/www.nooteboom.com\/pl\/"},{"@type":"ListItem","position":2,"name":"Kim jeste\u015bmy","item":"https:\/\/www.nooteboom.com\/pl\/kim-jestesmy\/"},{"@type":"ListItem","position":3,"name":"Historia","item":"https:\/\/www.nooteboom.com\/pl\/kim-jestesmy\/historia\/"},{"@type":"ListItem","position":4,"name":"1979-2012: IV pokolenie"}]},{"@type":"WebSite","@id":"https:\/\/www.nooteboom.com\/pl\/#website","url":"https:\/\/www.nooteboom.com\/pl\/","name":"Nooteboom Trailers","description":"Gets you there.","publisher":{"@id":"https:\/\/www.nooteboom.com\/pl\/#organization"},"potentialAction":[{"@type":"SearchAction","target":{"@type":"EntryPoint","urlTemplate":"https:\/\/www.nooteboom.com\/pl\/?s={search_term_string}"},"query-input":{"@type":"PropertyValueSpecification","valueRequired":true,"valueName":"search_term_string"}}],"inLanguage":"pl-PL"},{"@type":"Organization","@id":"https:\/\/www.nooteboom.com\/pl\/#organization","name":"Nooteboom Trailers","url":"https:\/\/www.nooteboom.com\/pl\/","logo":{"@type":"ImageObject","inLanguage":"pl-PL","@id":"https:\/\/www.nooteboom.com\/pl\/#\/schema\/logo\/image\/","url":"https:\/\/www.nooteboom.com\/wp-content\/uploads\/logo.png","contentUrl":"https:\/\/www.nooteboom.com\/wp-content\/uploads\/logo.png","width":111,"height":66,"caption":"Nooteboom Trailers"},"image":{"@id":"https:\/\/www.nooteboom.com\/pl\/#\/schema\/logo\/image\/"},"sameAs":["https:\/\/nl-nl.facebook.com\/nooteboomtrailers\/","https:\/\/nl.linkedin.com\/company\/nooteboom-trailers","https:\/\/www.youtube.com\/user\/Nooteboomtrailers"]}]}},"_links":{"self":[{"href":"https:\/\/www.nooteboom.com\/pl\/wp-json\/wp\/v2\/pages\/9989","targetHints":{"allow":["GET"]}}],"collection":[{"href":"https:\/\/www.nooteboom.com\/pl\/wp-json\/wp\/v2\/pages"}],"about":[{"href":"https:\/\/www.nooteboom.com\/pl\/wp-json\/wp\/v2\/types\/page"}],"author":[{"embeddable":true,"href":"https:\/\/www.nooteboom.com\/pl\/wp-json\/wp\/v2\/users\/45"}],"replies":[{"embeddable":true,"href":"https:\/\/www.nooteboom.com\/pl\/wp-json\/wp\/v2\/comments?post=9989"}],"version-history":[{"count":5,"href":"https:\/\/www.nooteboom.com\/pl\/wp-json\/wp\/v2\/pages\/9989\/revisions"}],"predecessor-version":[{"id":11008,"href":"https:\/\/www.nooteboom.com\/pl\/wp-json\/wp\/v2\/pages\/9989\/revisions\/11008"}],"up":[{"embeddable":true,"href":"https:\/\/www.nooteboom.com\/pl\/wp-json\/wp\/v2\/pages\/9977"}],"wp:featuredmedia":[{"embeddable":true,"href":"https:\/\/www.nooteboom.com\/pl\/wp-json\/wp\/v2\/media\/4218"}],"wp:attachment":[{"href":"https:\/\/www.nooteboom.com\/pl\/wp-json\/wp\/v2\/media?parent=9989"}],"curies":[{"name":"wp","href":"https:\/\/api.w.org\/{rel}","templated":true}]}}