{"id":9520,"date":"2016-08-01T14:31:35","date_gmt":"2016-08-01T12:31:35","guid":{"rendered":"https:\/\/www.nooteboom.com\/?page_id=9520&#038;lang=fr"},"modified":"2017-10-30T13:25:02","modified_gmt":"2017-10-30T12:25:02","slug":"1979-2012-4eme-generation","status":"publish","type":"page","link":"https:\/\/www.nooteboom.com\/fr\/qui-sommes-nous\/histoire\/1979-2012-4eme-generation\/","title":{"rendered":"1979-2012: 4\u00e8me g\u00e9n\u00e9ration"},"content":{"rendered":"<div class=\"wpb-content-wrapper\"><p>[vc_row][vc_column][vc_column_text]La reprise de C.M.K \u00e0 Wijchen m\u00e8ne \u00e0 la fondation de Nooteboom Trailers B.V. \u00e0 Wijchen.\u00a0Les exportations augmentent et un syst\u00e8me de distribution internationale de pi\u00e8ces d\u00e9tach\u00e9es est mis en place.\u00a0En 1977, les fondations d&rsquo;un nouveau local sont pos\u00e9es, avec une superficie de plus de 11\u00a0000m2. Cette installation est officiellement inaugur\u00e9e en 1979 par Nelie Smit-Kroes (photo en bas \u00e0 droite), ministre des transports et travaux publics.\u00a0Apr\u00e8s 40 ann\u00e9es de service, Toon Nooteboom transmet l&rsquo;entreprise \u00e0 ses fils en 1979.<\/p>\n<p>\u00c0 son d\u00e9part, Anton met en valeur le principal facteur du succ\u00e8s de Nooteboom: Nous construisons des v\u00e9hicules d&rsquo;une grande valeur, qui ne diminue pas tout au long de leurs 30 ann\u00e9es de service\u00a0\u00bb\u00a0Cette observation ne tombe pas dans l&rsquo;oreille d&rsquo;un sourd, les remorques Nooteboom d&rsquo;occasion demeurent celles dont la valeur est la plus \u00e9lev\u00e9e du march\u00e9.\u00a0\u00c0 l&rsquo;occasion de leur centenaire en 1981, l&rsquo;entreprise familiale re\u00e7oit le prix royal unique \u00ab Koninklijk \u00bb, en raison de sa position unique dans le secteur des transports.[\/vc_column_text][\/vc_column][\/vc_row][vc_row][vc_column width=\u00a0\u00bb1\/2&Prime;][vc_single_image image=\u00a0\u00bb1154&Prime; img_size=\u00a0\u00bblarge\u00a0\u00bb][vc_single_image image=\u00a0\u00bb1155&Prime; img_size=\u00a0\u00bblarge\u00a0\u00bb][\/vc_column][vc_column width=\u00a0\u00bb1\/2&Prime;][vc_column_text]En 2006, Nooteboom reprend l&rsquo;entreprise Floor Trailers (\u00e9galement bas\u00e9e \u00e0 Wijchen), ainsi que Kennis Trailers. Ces op\u00e9rations posent les fondations du groupe Nooteboom. Le groupe est d\u00e9sormais compos\u00e9 de Nooteboom Trailers, Nooteboom Trailers Occasion Sales (NTOS) et Nooteboom Floor Trailer Service (NFTS).\u00a0En avril 2010 les marques Kennis et Floor sont vendues \u00e0 Pacton Trailers \u00e0 Ommen. La vente de ces deux marques par le groupe Nooteboom est le fruit d&rsquo;une analyse strat\u00e9gique: en r\u00e9ponse \u00e0 la p\u00e9nurie de cr\u00e9dit, Nooteboom d\u00e9cide de se concentrer exclusivement sur le march\u00e9 des transports routiers exceptionnels, les innovations et le d\u00e9veloppement de sa client\u00e8le internationale dans le secteur des transports sp\u00e9ciaux. C&rsquo;est \u00e9galement la raison pour laquelle NFTS continue ses activit\u00e9s sous le nom Nooteboom Trailer Service et NTOS sous le nom Nooteboom Global Trailer Center.<\/p>\n<p>Le groupe Koninklijke Nooteboom \u00e0 Wijchen est \u00e0 pr\u00e9sent constitu\u00e9 de trois succursales sp\u00e9cialis\u00e9es dans le d\u00e9veloppement, la production et la prestation de service et la vente de solutions pour le secteur des transports exceptionnels.\u00a0Nooteboom \u00e9tant le \u00ab pionnier en remorques \u00bb, il est n\u00e9cessaire de r\u00e9pondre \u00e0 toutes les attentes du march\u00e9 avec de nouveaux produits.\u00a0Ce processus continuel est difficile.<\/p>\n<p>Cette politique repose sur la visibilit\u00e9 et sur l&rsquo;investissement structurel dans la client\u00e8le, la connaissance et la visibilit\u00e9.<\/p>\n<p><a class=\"button\" href=\"https:\/\/www.nooteboom.com\/fr\/qui-sommes-nous\/histoire\/\">Retour \u00e0 l&rsquo;histoire<\/a>\u00a0<a class=\"button\" href=\"https:\/\/www.nooteboom.com\/fr\/qui-sommes-nous\/histoire\/2012-jusqua-ce-jour-5eme-generation-marinka-nooteboom\/\">2012 \u2013 \u00e0 aujourd\u2019hui : 5\u00e8me g\u00e9n\u00e9ration<\/a>[\/vc_column_text][\/vc_column][\/vc_row][vc_row full_width=\u00a0\u00bbstretch_row_content_no_spaces\u00a0\u00bb row_class=\u00a0\u00bb\u00a0\u00bb][vc_column]\n\t<div id=\"slider-69f2f62ac87db\" class=\"vc_timeline timeline centered\">\n\n\t\t<ul class=\"slides\">\n\t\t\t\t\t\t\t<li>\n\t\t\t\t\t\t\t\t\t\t<a class=\"timeline__inner\" target=\"\" href=\"https:\/\/www.nooteboom.com\/fr\/qui-sommes-nous\/histoire\/1881-1921-1ere-generation\/\">\n\t\t\t\t\t\t\t\t\t\t\t\t\t\t\t\t\t\t<img decoding=\"async\" src=\"https:\/\/www.nooteboom.com\/wp-content\/uploads\/Nooteboom-horseshoes-fitting-275x165.jpg\" alt=\"1st generation\">\n\t\t\t\t\t\t\t\t\t\t\t\t\t\t\t\t\t\t\t<p class=\"timeline__title\">1881-1921: 1\u00c8RE G\u00c9N\u00c9RATION<\/p>\n\t\t\t\t\t\t\t\t\t\t\t\t\t\t\t\t\t\t\t<p>En 1881 Willem Nooteboom, alors \u00e2g\u00e9 de 26 ans, (photo de droite), le fils d'un forgeron de Schiebroek, ouvre sa propre forge dans le village de Kethel, \u00e0 deux pas de Rotterdam.<\/p>\n\t\t\t\t\t\t\t\t\t\t\t\t\t\t\t\t\t<\/a>\n\t\t\t\t\t\t\t\t\t<\/li>\n\t\t\t\t\t\t\t<li>\n\t\t\t\t\t\t\t\t\t\t<a class=\"timeline__inner\" target=\"\" href=\"https:\/\/www.nooteboom.com\/fr\/qui-sommes-nous\/histoire\/1921-1939-2eme-generation\/\">\n\t\t\t\t\t\t\t\t\t\t\t\t\t\t\t\t\t\t<img decoding=\"async\" src=\"https:\/\/www.nooteboom.com\/wp-content\/uploads\/Henk-Jan-Nooteboom-275x165.jpg\" alt=\"Henk Jan Nooteboom\">\n\t\t\t\t\t\t\t\t\t\t\t\t\t\t\t\t\t\t\t<p class=\"timeline__title\">1921-1939: 2\u00c8ME G\u00c9N\u00c9RATION<\/p>\n\t\t\t\t\t\t\t\t\t\t\t\t\t\t\t\t\t\t\t<p>Lorsqu'il rejoint la compagnie en 1921 Henk Jan Nooteboom (photo de droite) anticipe un d\u00e9veloppement du march\u00e9 des v\u00e9hicules.<\/p>\n\t\t\t\t\t\t\t\t\t\t\t\t\t\t\t\t\t<\/a>\n\t\t\t\t\t\t\t\t\t<\/li>\n\t\t\t\t\t\t\t<li>\n\t\t\t\t\t\t\t\t\t\t<a class=\"timeline__inner\" target=\"\" href=\"https:\/\/www.nooteboom.com\/fr\/qui-sommes-nous\/histoire\/1939-1953-3eme-generation\/\">\n\t\t\t\t\t\t\t\t\t\t\t\t\t\t\t\t\t\t<img decoding=\"async\" src=\"https:\/\/www.nooteboom.com\/wp-content\/uploads\/Nooteboom-Tipper-275x165.jpg\" alt=\"Nooteboom Tipper\">\n\t\t\t\t\t\t\t\t\t\t\t\t\t\t\t\t\t\t\t<p class=\"timeline__title\">1939 \u2013 1953: 3\u00c8ME G\u00c9N\u00c9RATION<\/p>\n\t\t\t\t\t\t\t\t\t\t\t\t\t\t\t\t\t\t\t<p>En 1939, Anton Nooteboom (photo de droite) rejoint une entreprise qui, dans les ann\u00e9es suivantes deviendra l'un des meilleurs fabricants de v\u00e9hicules de transport modernes.<\/p>\n\t\t\t\t\t\t\t\t\t\t\t\t\t\t\t\t\t<\/a>\n\t\t\t\t\t\t\t\t\t<\/li>\n\t\t\t\t\t\t\t<li>\n\t\t\t\t\t\t\t\t\t\t<a class=\"timeline__inner\" target=\"\" href=\"https:\/\/www.nooteboom.com\/fr\/qui-sommes-nous\/histoire\/1953-1979-3eme-generation\/\">\n\t\t\t\t\t\t\t\t\t\t\t\t\t\t\t\t\t\t<img decoding=\"async\" src=\"https:\/\/www.nooteboom.com\/wp-content\/uploads\/Nooteboom-Utrecht-275x165.jpg\" alt=\"Nooteboom Utrecht\">\n\t\t\t\t\t\t\t\t\t\t\t\t\t\t\t\t\t\t\t<p class=\"timeline__title\">1953 \u2013 1979: 3\u00c8ME G\u00c9N\u00c9RATION<\/p>\n\t\t\t\t\t\t\t\t\t\t\t\t\t\t\t\t\t\t\t<p>Apr\u00e8s les inondations d\u00e9sastreuses de Zeeland en 1953, la reconstruction commence et la demande de remorque surbaiss\u00e9es et de dragline explose.\nEn 1953 Nooteboom construit la premi\u00e8re remorque extra-surbaiss\u00e9e \u00e0 essieux amovibles.<\/p>\n\t\t\t\t\t\t\t\t\t\t\t\t\t\t\t\t\t<\/a>\n\t\t\t\t\t\t\t\t\t<\/li>\n\t\t\t\t\t\t\t<li>\n\t\t\t\t\t\t\t\t\t\t<a class=\"timeline__inner\" target=\"\" href=\"https:\/\/www.nooteboom.com\/fr\/qui-sommes-nous\/histoire\/1967-1979-4eme-generation\/\">\n\t\t\t\t\t\t\t\t\t\t\t\t\t\t\t\t\t\t<img decoding=\"async\" src=\"https:\/\/www.nooteboom.com\/wp-content\/uploads\/Nooteboom-ODU-low-loader-275x165.png\" alt=\"Nooteboom ODU low-loader\">\n\t\t\t\t\t\t\t\t\t\t\t\t\t\t\t\t\t\t\t<p class=\"timeline__title\">1967-1979: 4\u00c8ME G\u00c9N\u00c9RATION<\/p>\n\t\t\t\t\t\t\t\t\t\t\t\t\t\t\t\t\t\t\t<p>Anton Nooteboom dirige l'entreprise jusqu'\u00e0 1979, mais il a du renfort en 1967. Dick Nooteboom, apr\u00e8s avoir travaill\u00e9 \u00e0 l'\u00e9tranger, est le premier fils \u00e0 rejoindre la compagnie. En 1970, ses fr\u00e8res Henk et Ton Nooteboom le suivent.\n<\/p>\n\t\t\t\t\t\t\t\t\t\t\t\t\t\t\t\t\t<\/a>\n\t\t\t\t\t\t\t\t\t<\/li>\n\t\t\t\t\t\t\t<li>\n\t\t\t\t\t\t\t\t\t\t<a class=\"timeline__inner\" target=\"\" href=\"https:\/\/www.nooteboom.com\/fr\/qui-sommes-nous\/histoire\/1979-2012-4eme-generation\/\">\n\t\t\t\t\t\t\t\t\t\t\t\t\t\t\t\t\t\t<img decoding=\"async\" src=\"https:\/\/www.nooteboom.com\/wp-content\/uploads\/Opening-Nooteboom-Wijchen-with-Neelie-Smit-Kroes-275x165.jpg\" alt=\"Opening Nooteboom Wijchen with Neelie Smit Kroes\">\n\t\t\t\t\t\t\t\t\t\t\t\t\t\t\t\t\t\t\t<p class=\"timeline__title\">1979-2012: 4\u00c8ME G\u00c9N\u00c9RATION<\/p>\n\t\t\t\t\t\t\t\t\t\t\t\t\t\t\t\t\t\t\t<p>La reprise de C.M.K \u00e0 Wijchen m\u00e8ne \u00e0 la fondation de Nooteboom Trailers B.V. \u00e0 Wijchen. Les exportations augmentent et un syst\u00e8me de distribution internationale de pi\u00e8ces d\u00e9tach\u00e9es est mis en place.\n<\/p>\n\t\t\t\t\t\t\t\t\t\t\t\t\t\t\t\t\t<\/a>\n\t\t\t\t\t\t\t\t\t<\/li>\n\t\t\t\t\t\t\t<li>\n\t\t\t\t\t\t\t\t\t\t<a class=\"timeline__inner\" target=\"\" href=\"https:\/\/www.nooteboom.com\/fr\/qui-sommes-nous\/histoire\/2012-jusqua-ce-jour-5eme-generation-marinka-nooteboom\/\">\n\t\t\t\t\t\t\t\t\t\t\t\t\t\t\t\t\t\t<img decoding=\"async\" src=\"https:\/\/www.nooteboom.com\/wp-content\/uploads\/Marinka-Nooteboom-1-275x165.jpg\" alt=\"Marinka Nooteboom\">\n\t\t\t\t\t\t\t\t\t\t\t\t\t\t\t\t\t\t\t<p class=\"timeline__title\">2012 \u2013 \u00e0 aujourd\u2019hui : 5\u00e8me g\u00e9n\u00e9ration Marinka Nooteboom<\/p>\n\t\t\t\t\t\t\t\t\t\t\t\t\t\t\t\t\t\t\t<p>En 2012, Marinka Nooteboom, la fille de Henk Nooteboom, est nomm\u00e9e directrice g\u00e9n\u00e9rale du groupe Nooteboom de Koninklijke, une entreprise de 350 personnes.<\/p>\n\t\t\t\t\t\t\t\t\t\t\t\t\t\t\t\t\t<\/a>\n\t\t\t\t\t\t\t\t\t<\/li>\n\t\t\t\t\t<\/ul>\n\n\t<\/div>\n\n\t<script type=\"text\/javascript\">\n\t\tjQuery( document ).ready( function( $ ) {\n\n\t\t\t$( '#slider-69f2f62ac87db' ).flexslider( {\n\t\t\t\tanimation: 'slide',\n\t\t\t\tanimationLoop: false,\n\t\t\t\titemWidth: 295,\n\t\t\t\titemMargin: 0,\n\t\t\t\tminItems: 1,\n\t\t\t\tmaxItems: 4,\n\t\t\t\tmove: 1,\n\t\t\t\tdirectionNav: true,\n\t\t\t\tcontrolNav: false\n\t\t\t} );\n\n\t\t\t$( '#slider-69f2f62ac87db .timeline__prev' ).on( 'click', function( event ) {\n\n\t\t\t\tevent.preventDefault();\n\t\t\t\t$( '#slider-69f2f62ac87db' ).flexslider( 'prev' )\n\n\t\t\t} );\n\n\t\t\t$( '#slider-69f2f62ac87db .timeline__next' ).on( 'click', function( event ) {\n\n\t\t\t\tevent.preventDefault();\n\t\t\t\t$( '#slider-69f2f62ac87db' ).flexslider( 'next' )\n\n\t\t\t} );\n\n\t\t} );\n\t<\/script>\n\n[\/vc_column][\/vc_row]<\/p>\n<\/div>","protected":false},"excerpt":{"rendered":"[vc_row][vc_column][vc_column_text]La reprise de C.M.K \u00e0 Wijchen m\u00e8ne \u00e0 la fondation de Nooteboom Trailers B.V. \u00e0 Wijchen.\u00a0Les exportations augmentent et un&#8230;","protected":false},"author":45,"featured_media":4215,"parent":9507,"menu_order":0,"comment_status":"closed","ping_status":"closed","template":"","meta":{"_acf_changed":false,"inline_featured_image":false,"footnotes":""},"class_list":["post-9520","page","type-page","status-publish","has-post-thumbnail","hentry"],"acf":[],"yoast_head":"<!-- This site is optimized with the Yoast SEO Premium plugin v25.7.1 (Yoast SEO v25.7) - https:\/\/yoast.com\/wordpress\/plugins\/seo\/ -->\n<title>1979-2012: 4\u00e8me g\u00e9n\u00e9ration | Nooteboom Trailers<\/title>\n<meta name=\"description\" content=\"La reprise de C.M.K \u00e0 Wijchen m\u00e8ne \u00e0 la fondation de Nooteboom Trailers B.V. \u00e0 Wijchen.\" \/>\n<meta name=\"robots\" content=\"index, follow, max-snippet:-1, max-image-preview:large, max-video-preview:-1\" \/>\n<link rel=\"canonical\" href=\"https:\/\/www.nooteboom.com\/fr\/qui-sommes-nous\/histoire\/1979-2012-4eme-generation\/\" \/>\n<meta property=\"og:locale\" content=\"fr_FR\" \/>\n<meta property=\"og:type\" content=\"article\" \/>\n<meta property=\"og:title\" content=\"1979-2012: 4\u00e8me g\u00e9n\u00e9ration\" \/>\n<meta property=\"og:description\" content=\"La reprise de C.M.K \u00e0 Wijchen m\u00e8ne \u00e0 la fondation de Nooteboom Trailers B.V. \u00e0 Wijchen.\" \/>\n<meta property=\"og:url\" content=\"https:\/\/www.nooteboom.com\/fr\/qui-sommes-nous\/histoire\/1979-2012-4eme-generation\/\" \/>\n<meta property=\"og:site_name\" content=\"Nooteboom Trailers\" \/>\n<meta property=\"article:publisher\" content=\"https:\/\/nl-nl.facebook.com\/nooteboomtrailers\/\" \/>\n<meta property=\"article:modified_time\" content=\"2017-10-30T12:25:02+00:00\" \/>\n<meta property=\"og:image\" content=\"https:\/\/www.nooteboom.com\/wp-content\/uploads\/Nooteboom-Trailers-Wijchen.jpg\" \/>\n\t<meta property=\"og:image:width\" content=\"839\" \/>\n\t<meta property=\"og:image:height\" content=\"506\" \/>\n\t<meta property=\"og:image:type\" content=\"image\/jpeg\" \/>\n<meta name=\"twitter:card\" content=\"summary_large_image\" \/>\n<meta name=\"twitter:label1\" content=\"Dur\u00e9e de lecture estim\u00e9e\" \/>\n\t<meta name=\"twitter:data1\" content=\"5 minutes\" \/>\n<script type=\"application\/ld+json\" class=\"yoast-schema-graph\">{\"@context\":\"https:\/\/schema.org\",\"@graph\":[{\"@type\":\"WebPage\",\"@id\":\"https:\/\/www.nooteboom.com\/fr\/qui-sommes-nous\/histoire\/1979-2012-4eme-generation\/\",\"url\":\"https:\/\/www.nooteboom.com\/fr\/qui-sommes-nous\/histoire\/1979-2012-4eme-generation\/\",\"name\":\"1979-2012: 4\u00e8me g\u00e9n\u00e9ration | Nooteboom Trailers\",\"isPartOf\":{\"@id\":\"https:\/\/www.nooteboom.com\/fr\/#website\"},\"primaryImageOfPage\":{\"@id\":\"https:\/\/www.nooteboom.com\/fr\/qui-sommes-nous\/histoire\/1979-2012-4eme-generation\/#primaryimage\"},\"image\":{\"@id\":\"https:\/\/www.nooteboom.com\/fr\/qui-sommes-nous\/histoire\/1979-2012-4eme-generation\/#primaryimage\"},\"thumbnailUrl\":\"https:\/\/www.nooteboom.com\/wp-content\/uploads\/Nooteboom-Trailers-Wijchen.jpg\",\"datePublished\":\"2016-08-01T12:31:35+00:00\",\"dateModified\":\"2017-10-30T12:25:02+00:00\",\"description\":\"La reprise de C.M.K \u00e0 Wijchen m\u00e8ne \u00e0 la fondation de Nooteboom Trailers B.V. \u00e0 Wijchen.\",\"breadcrumb\":{\"@id\":\"https:\/\/www.nooteboom.com\/fr\/qui-sommes-nous\/histoire\/1979-2012-4eme-generation\/#breadcrumb\"},\"inLanguage\":\"fr-FR\",\"potentialAction\":[{\"@type\":\"ReadAction\",\"target\":[\"https:\/\/www.nooteboom.com\/fr\/qui-sommes-nous\/histoire\/1979-2012-4eme-generation\/\"]}]},{\"@type\":\"ImageObject\",\"inLanguage\":\"fr-FR\",\"@id\":\"https:\/\/www.nooteboom.com\/fr\/qui-sommes-nous\/histoire\/1979-2012-4eme-generation\/#primaryimage\",\"url\":\"https:\/\/www.nooteboom.com\/wp-content\/uploads\/Nooteboom-Trailers-Wijchen.jpg\",\"contentUrl\":\"https:\/\/www.nooteboom.com\/wp-content\/uploads\/Nooteboom-Trailers-Wijchen.jpg\",\"width\":839,\"height\":506,\"caption\":\"Nooteboom Trailers Wijchen\"},{\"@type\":\"BreadcrumbList\",\"@id\":\"https:\/\/www.nooteboom.com\/fr\/qui-sommes-nous\/histoire\/1979-2012-4eme-generation\/#breadcrumb\",\"itemListElement\":[{\"@type\":\"ListItem\",\"position\":1,\"name\":\"Home\",\"item\":\"https:\/\/www.nooteboom.com\/fr\/\"},{\"@type\":\"ListItem\",\"position\":2,\"name\":\"Qui sommes nous\",\"item\":\"https:\/\/www.nooteboom.com\/fr\/qui-sommes-nous\/\"},{\"@type\":\"ListItem\",\"position\":3,\"name\":\"Histoire\",\"item\":\"https:\/\/www.nooteboom.com\/fr\/qui-sommes-nous\/histoire\/\"},{\"@type\":\"ListItem\",\"position\":4,\"name\":\"1979-2012: 4\u00e8me g\u00e9n\u00e9ration\"}]},{\"@type\":\"WebSite\",\"@id\":\"https:\/\/www.nooteboom.com\/fr\/#website\",\"url\":\"https:\/\/www.nooteboom.com\/fr\/\",\"name\":\"Nooteboom Trailers\",\"description\":\"Gets you there.\",\"publisher\":{\"@id\":\"https:\/\/www.nooteboom.com\/fr\/#organization\"},\"potentialAction\":[{\"@type\":\"SearchAction\",\"target\":{\"@type\":\"EntryPoint\",\"urlTemplate\":\"https:\/\/www.nooteboom.com\/fr\/?s={search_term_string}\"},\"query-input\":{\"@type\":\"PropertyValueSpecification\",\"valueRequired\":true,\"valueName\":\"search_term_string\"}}],\"inLanguage\":\"fr-FR\"},{\"@type\":\"Organization\",\"@id\":\"https:\/\/www.nooteboom.com\/fr\/#organization\",\"name\":\"Nooteboom Trailers\",\"url\":\"https:\/\/www.nooteboom.com\/fr\/\",\"logo\":{\"@type\":\"ImageObject\",\"inLanguage\":\"fr-FR\",\"@id\":\"https:\/\/www.nooteboom.com\/fr\/#\/schema\/logo\/image\/\",\"url\":\"https:\/\/www.nooteboom.com\/wp-content\/uploads\/logo.png\",\"contentUrl\":\"https:\/\/www.nooteboom.com\/wp-content\/uploads\/logo.png\",\"width\":111,\"height\":66,\"caption\":\"Nooteboom Trailers\"},\"image\":{\"@id\":\"https:\/\/www.nooteboom.com\/fr\/#\/schema\/logo\/image\/\"},\"sameAs\":[\"https:\/\/nl-nl.facebook.com\/nooteboomtrailers\/\",\"https:\/\/nl.linkedin.com\/company\/nooteboom-trailers\",\"https:\/\/www.youtube.com\/user\/Nooteboomtrailers\"]}]}<\/script>\n<!-- \/ Yoast SEO Premium plugin. -->","yoast_head_json":{"title":"1979-2012: 4\u00e8me g\u00e9n\u00e9ration | Nooteboom Trailers","description":"La reprise de C.M.K \u00e0 Wijchen m\u00e8ne \u00e0 la fondation de Nooteboom Trailers B.V. \u00e0 Wijchen.","robots":{"index":"index","follow":"follow","max-snippet":"max-snippet:-1","max-image-preview":"max-image-preview:large","max-video-preview":"max-video-preview:-1"},"canonical":"https:\/\/www.nooteboom.com\/fr\/qui-sommes-nous\/histoire\/1979-2012-4eme-generation\/","og_locale":"fr_FR","og_type":"article","og_title":"1979-2012: 4\u00e8me g\u00e9n\u00e9ration","og_description":"La reprise de C.M.K \u00e0 Wijchen m\u00e8ne \u00e0 la fondation de Nooteboom Trailers B.V. \u00e0 Wijchen.","og_url":"https:\/\/www.nooteboom.com\/fr\/qui-sommes-nous\/histoire\/1979-2012-4eme-generation\/","og_site_name":"Nooteboom Trailers","article_publisher":"https:\/\/nl-nl.facebook.com\/nooteboomtrailers\/","article_modified_time":"2017-10-30T12:25:02+00:00","og_image":[{"width":839,"height":506,"url":"https:\/\/www.nooteboom.com\/wp-content\/uploads\/Nooteboom-Trailers-Wijchen.jpg","type":"image\/jpeg"}],"twitter_card":"summary_large_image","twitter_misc":{"Dur\u00e9e de lecture estim\u00e9e":"5 minutes"},"schema":{"@context":"https:\/\/schema.org","@graph":[{"@type":"WebPage","@id":"https:\/\/www.nooteboom.com\/fr\/qui-sommes-nous\/histoire\/1979-2012-4eme-generation\/","url":"https:\/\/www.nooteboom.com\/fr\/qui-sommes-nous\/histoire\/1979-2012-4eme-generation\/","name":"1979-2012: 4\u00e8me g\u00e9n\u00e9ration | Nooteboom Trailers","isPartOf":{"@id":"https:\/\/www.nooteboom.com\/fr\/#website"},"primaryImageOfPage":{"@id":"https:\/\/www.nooteboom.com\/fr\/qui-sommes-nous\/histoire\/1979-2012-4eme-generation\/#primaryimage"},"image":{"@id":"https:\/\/www.nooteboom.com\/fr\/qui-sommes-nous\/histoire\/1979-2012-4eme-generation\/#primaryimage"},"thumbnailUrl":"https:\/\/www.nooteboom.com\/wp-content\/uploads\/Nooteboom-Trailers-Wijchen.jpg","datePublished":"2016-08-01T12:31:35+00:00","dateModified":"2017-10-30T12:25:02+00:00","description":"La reprise de C.M.K \u00e0 Wijchen m\u00e8ne \u00e0 la fondation de Nooteboom Trailers B.V. \u00e0 Wijchen.","breadcrumb":{"@id":"https:\/\/www.nooteboom.com\/fr\/qui-sommes-nous\/histoire\/1979-2012-4eme-generation\/#breadcrumb"},"inLanguage":"fr-FR","potentialAction":[{"@type":"ReadAction","target":["https:\/\/www.nooteboom.com\/fr\/qui-sommes-nous\/histoire\/1979-2012-4eme-generation\/"]}]},{"@type":"ImageObject","inLanguage":"fr-FR","@id":"https:\/\/www.nooteboom.com\/fr\/qui-sommes-nous\/histoire\/1979-2012-4eme-generation\/#primaryimage","url":"https:\/\/www.nooteboom.com\/wp-content\/uploads\/Nooteboom-Trailers-Wijchen.jpg","contentUrl":"https:\/\/www.nooteboom.com\/wp-content\/uploads\/Nooteboom-Trailers-Wijchen.jpg","width":839,"height":506,"caption":"Nooteboom Trailers Wijchen"},{"@type":"BreadcrumbList","@id":"https:\/\/www.nooteboom.com\/fr\/qui-sommes-nous\/histoire\/1979-2012-4eme-generation\/#breadcrumb","itemListElement":[{"@type":"ListItem","position":1,"name":"Home","item":"https:\/\/www.nooteboom.com\/fr\/"},{"@type":"ListItem","position":2,"name":"Qui sommes nous","item":"https:\/\/www.nooteboom.com\/fr\/qui-sommes-nous\/"},{"@type":"ListItem","position":3,"name":"Histoire","item":"https:\/\/www.nooteboom.com\/fr\/qui-sommes-nous\/histoire\/"},{"@type":"ListItem","position":4,"name":"1979-2012: 4\u00e8me g\u00e9n\u00e9ration"}]},{"@type":"WebSite","@id":"https:\/\/www.nooteboom.com\/fr\/#website","url":"https:\/\/www.nooteboom.com\/fr\/","name":"Nooteboom Trailers","description":"Gets you there.","publisher":{"@id":"https:\/\/www.nooteboom.com\/fr\/#organization"},"potentialAction":[{"@type":"SearchAction","target":{"@type":"EntryPoint","urlTemplate":"https:\/\/www.nooteboom.com\/fr\/?s={search_term_string}"},"query-input":{"@type":"PropertyValueSpecification","valueRequired":true,"valueName":"search_term_string"}}],"inLanguage":"fr-FR"},{"@type":"Organization","@id":"https:\/\/www.nooteboom.com\/fr\/#organization","name":"Nooteboom Trailers","url":"https:\/\/www.nooteboom.com\/fr\/","logo":{"@type":"ImageObject","inLanguage":"fr-FR","@id":"https:\/\/www.nooteboom.com\/fr\/#\/schema\/logo\/image\/","url":"https:\/\/www.nooteboom.com\/wp-content\/uploads\/logo.png","contentUrl":"https:\/\/www.nooteboom.com\/wp-content\/uploads\/logo.png","width":111,"height":66,"caption":"Nooteboom Trailers"},"image":{"@id":"https:\/\/www.nooteboom.com\/fr\/#\/schema\/logo\/image\/"},"sameAs":["https:\/\/nl-nl.facebook.com\/nooteboomtrailers\/","https:\/\/nl.linkedin.com\/company\/nooteboom-trailers","https:\/\/www.youtube.com\/user\/Nooteboomtrailers"]}]}},"_links":{"self":[{"href":"https:\/\/www.nooteboom.com\/fr\/wp-json\/wp\/v2\/pages\/9520","targetHints":{"allow":["GET"]}}],"collection":[{"href":"https:\/\/www.nooteboom.com\/fr\/wp-json\/wp\/v2\/pages"}],"about":[{"href":"https:\/\/www.nooteboom.com\/fr\/wp-json\/wp\/v2\/types\/page"}],"author":[{"embeddable":true,"href":"https:\/\/www.nooteboom.com\/fr\/wp-json\/wp\/v2\/users\/45"}],"replies":[{"embeddable":true,"href":"https:\/\/www.nooteboom.com\/fr\/wp-json\/wp\/v2\/comments?post=9520"}],"version-history":[{"count":6,"href":"https:\/\/www.nooteboom.com\/fr\/wp-json\/wp\/v2\/pages\/9520\/revisions"}],"predecessor-version":[{"id":1175867,"href":"https:\/\/www.nooteboom.com\/fr\/wp-json\/wp\/v2\/pages\/9520\/revisions\/1175867"}],"up":[{"embeddable":true,"href":"https:\/\/www.nooteboom.com\/fr\/wp-json\/wp\/v2\/pages\/9507"}],"wp:featuredmedia":[{"embeddable":true,"href":"https:\/\/www.nooteboom.com\/fr\/wp-json\/wp\/v2\/media\/4215"}],"wp:attachment":[{"href":"https:\/\/www.nooteboom.com\/fr\/wp-json\/wp\/v2\/media?parent=9520"}],"curies":[{"name":"wp","href":"https:\/\/api.w.org\/{rel}","templated":true}]}}