{"id":10529,"date":"2016-08-08T10:51:00","date_gmt":"2016-08-08T08:51:00","guid":{"rendered":"https:\/\/www.nooteboom.com\/?page_id=10529&#038;lang=es"},"modified":"2016-08-09T15:15:56","modified_gmt":"2016-08-09T13:15:56","slug":"1979-2012-4a-generacion","status":"publish","type":"page","link":"https:\/\/www.nooteboom.com\/es\/quienes-somos\/historia\/1979-2012-4a-generacion\/","title":{"rendered":"1979-2012: 4\u00aa generaci\u00f3n"},"content":{"rendered":"<div class=\"wpb-content-wrapper\"><p>[vc_row][vc_column][vc_column_text]La adquisici\u00f3n de C.M.K. en Wijchen lleva al establecimiento de Nooteboom Trailers B.V. en Wijchen.\u00a0Las exportaciones aumentan sustancialmente y se establece un sistema internacional de distribuci\u00f3n de recambios.\u00a0En 1977 se coloca la primera piedra para nuevas instalaciones con m\u00e1s de 11000 m<sup>2<\/sup> de espacio de trabajo. Las instalaciones son inauguradas oficialmente en 1979 por Nelie Smit-Kroes (foto de abajo a la derecha), entonces Ministra de Transporte y Obras P\u00fablicas.<\/p>\n<p>Tras 40 a\u00f1os Anton Nooteboom cede la empresa familiar a sus hijos en 1979.\u00a0En su marcha Anton remarca el factor de \u00e9xito de Nooteboom: \u201cConstruimos veh\u00edculos que tienen valor y mantienen su valor durante toda su vida \u00fatil de 30 a\u00f1os\u201d.\u00a0Ese consejo no cay\u00f3 en o\u00eddos sordos porque los remolques usados Nooteboom todav\u00eda tienen el valor de mercado m\u00e1s alto.<\/p>\n<p>Como ocasi\u00f3n de su centenario en 1981 la empresa familiar es premiada con la distinci\u00f3n real \u2018Koninklijk\u2019, basada en su exclusiva posici\u00f3n en el sector del transporte.[\/vc_column_text][\/vc_column][\/vc_row][vc_row][vc_column width=\u00bb1\/2&#8243;][vc_single_image image=\u00bb1154&#8243; img_size=\u00bblarge\u00bb][vc_single_image image=\u00bb1155&#8243; img_size=\u00bblarge\u00bb][\/vc_column][vc_column width=\u00bb1\/2&#8243;][vc_column_text]In 2006 Nooteboom takes over the company Floor Trailers (also based in Wijchen) and Kennis Trailers. This also lays the foundation for the Nooteboom Group. The entire group is now composed of Nooteboom Trailers, Nooteboom Trailers Occasion Sales (NTOS) and Nooteboom Floor Trailer Service (NFTS).\u00a0In April 2010 the Kennis and Floor brands are sold to Pacton Trailers in Ommen. The selling of both brands by the Nooteboom Group stems from a strategic review, in response to the credit crunch, in which Nooteboom takes the decision to concentrate solely on the abnormal road transport market, on innovations and client developments for their international customer base in the special transport sector. That is also the reason why NFTS continues under the name Nooteboom Trailer Service and NTOS under the name Nooteboom Global Trailer Centre.<\/p>\n<p>The Koninklijke Nooteboom Group in Wijchen now consists of three subsidiaries that specialise in the development, production, service provision and sales of transport solutions for abnormal transport.\u00a0Nooteboom, being a \u2018Trendsetter in Trailers\u2019, aims to meet any requirements in the market with new products.\u00a0This is a challenging and continuous process.\u00a0It is their policy to visibly and structurally invest in customers, knowledge and quality.<\/p>\n<p><a class=\"button\" href=\"https:\/\/www.nooteboom.com\/es\/quienes-somos\/historia\/\">Volver a la historia<\/a>\u00a0<a class=\"button\" href=\"https:\/\/www.nooteboom.com\/es\/quienes-somos\/historia\/2012-hasta-hoy-5a-generacion-marinka-nooteboom\/\">2012 \u2013 hasta hoy: 5\u00aa generaci\u00f3n: Marinka Nooteboom<\/a>[\/vc_column_text][\/vc_column][\/vc_row][vc_row full_width=\u00bbstretch_row_content_no_spaces\u00bb row_class=\u00bb\u00bb][vc_column]\n\t<div id=\"slider-69f2c786c6734\" class=\"vc_timeline timeline centered\">\n\n\t\t<ul class=\"slides\">\n\t\t\t\t\t\t\t<li>\n\t\t\t\t\t\t\t\t\t\t<a class=\"timeline__inner\" target=\"\" href=\"https:\/\/www.nooteboom.com\/es\/quienes-somos\/historia\/1881-1921-1a-generacion\/\">\n\t\t\t\t\t\t\t\t\t\t\t\t\t\t\t\t\t\t<img decoding=\"async\" src=\"https:\/\/www.nooteboom.com\/wp-content\/uploads\/Nooteboom-horseshoes-fitting-275x165.jpg\" alt=\"1st generation\">\n\t\t\t\t\t\t\t\t\t\t\t\t\t\t\t\t\t\t\t<p class=\"timeline__title\">1881-1921: 1\u00aa generaci\u00f3n<\/p>\n\t\t\t\t\t\t\t\t\t\t\t\t\t\t\t\t\t\t\t<p>En 1881 Willem Nooteboom, de 26 a\u00f1os de edad (foto de la derecha), hijo de un herrero de Schiebroek, abre su propia herrer\u00eda en el pueblo de Kethel, a tiro de piedra de Rotterdam.\n<\/p>\n\t\t\t\t\t\t\t\t\t\t\t\t\t\t\t\t\t<\/a>\n\t\t\t\t\t\t\t\t\t<\/li>\n\t\t\t\t\t\t\t<li>\n\t\t\t\t\t\t\t\t\t\t<a class=\"timeline__inner\" target=\"\" href=\"https:\/\/www.nooteboom.com\/es\/quienes-somos\/historia\/1921-1939-2a-generacion\/\">\n\t\t\t\t\t\t\t\t\t\t\t\t\t\t\t\t\t\t<img decoding=\"async\" src=\"https:\/\/www.nooteboom.com\/wp-content\/uploads\/Henk-Jan-Nooteboom-275x165.jpg\" alt=\"Henk Jan Nooteboom\">\n\t\t\t\t\t\t\t\t\t\t\t\t\t\t\t\t\t\t\t<p class=\"timeline__title\">1921-1939: 2\u00aa generaci\u00f3n<\/p>\n\t\t\t\t\t\t\t\t\t\t\t\t\t\t\t\t\t\t\t<p>Cuando se une a la empresa en 1921, Henk Jan Nooteboom (foto de la derecha) anticipa un crecimiento en veh\u00edculos...<\/p>\n\t\t\t\t\t\t\t\t\t\t\t\t\t\t\t\t\t<\/a>\n\t\t\t\t\t\t\t\t\t<\/li>\n\t\t\t\t\t\t\t<li>\n\t\t\t\t\t\t\t\t\t\t<a class=\"timeline__inner\" target=\"\" href=\"https:\/\/www.nooteboom.com\/es\/quienes-somos\/historia\/1939-1953-3a-generacion\/\">\n\t\t\t\t\t\t\t\t\t\t\t\t\t\t\t\t\t\t<img decoding=\"async\" src=\"https:\/\/www.nooteboom.com\/wp-content\/uploads\/Nooteboom-Tipper-275x165.jpg\" alt=\"Nooteboom Tipper\">\n\t\t\t\t\t\t\t\t\t\t\t\t\t\t\t\t\t\t\t<p class=\"timeline__title\">1939 \u2013 1953: 3\u00aa generaci\u00f3n<\/p>\n\t\t\t\t\t\t\t\t\t\t\t\t\t\t\t\t\t\t\t<p>En 1939 Anton Nooteboom (foto de la derecha) se une a la empresa, que en los a\u00f1os siguientes se convertir\u00eda exitosamente en fabricante de veh\u00edculos de transporte modernos.<\/p>\n\t\t\t\t\t\t\t\t\t\t\t\t\t\t\t\t\t<\/a>\n\t\t\t\t\t\t\t\t\t<\/li>\n\t\t\t\t\t\t\t<li>\n\t\t\t\t\t\t\t\t\t\t<a class=\"timeline__inner\" target=\"\" href=\"https:\/\/www.nooteboom.com\/es\/quienes-somos\/historia\/1953-1979-3a-generacion\/\">\n\t\t\t\t\t\t\t\t\t\t\t\t\t\t\t\t\t\t<img decoding=\"async\" src=\"https:\/\/www.nooteboom.com\/wp-content\/uploads\/Nooteboom-Utrecht-275x165.jpg\" alt=\"Nooteboom Utrecht\">\n\t\t\t\t\t\t\t\t\t\t\t\t\t\t\t\t\t\t\t<p class=\"timeline__title\">1953 \u2013 1979: 3\u00aa generaci\u00f3n<\/p>\n\t\t\t\t\t\t\t\t\t\t\t\t\t\t\t\t\t\t\t<p>Despu\u00e9s de la inundaci\u00f3n de Zeeland, en 1953 empieza la reconstrucci\u00f3n y hay una gran demanda de g\u00f3ndolas y dragalinas.\n<\/p>\n\t\t\t\t\t\t\t\t\t\t\t\t\t\t\t\t\t<\/a>\n\t\t\t\t\t\t\t\t\t<\/li>\n\t\t\t\t\t\t\t<li>\n\t\t\t\t\t\t\t\t\t\t<a class=\"timeline__inner\" target=\"\" href=\"https:\/\/www.nooteboom.com\/es\/quienes-somos\/historia\/1967-1979-4a-generacion\/\">\n\t\t\t\t\t\t\t\t\t\t\t\t\t\t\t\t\t\t<img decoding=\"async\" src=\"https:\/\/www.nooteboom.com\/wp-content\/uploads\/Nooteboom-ODU-low-loader-275x165.png\" alt=\"Nooteboom ODU low-loader\">\n\t\t\t\t\t\t\t\t\t\t\t\t\t\t\t\t\t\t\t<p class=\"timeline__title\">1967-1979: 4\u00aa generaci\u00f3n<\/p>\n\t\t\t\t\t\t\t\t\t\t\t\t\t\t\t\t\t\t\t<p>Anton Nooteboom sigue implicado en la empresa familiar hasta 1979, pero en 1967 tiene refuerzos. Dick Nooteboom, tras un puesto de trabajo en el extranjero, es el primer hijo en unirse a la empresa.\n<\/p>\n\t\t\t\t\t\t\t\t\t\t\t\t\t\t\t\t\t<\/a>\n\t\t\t\t\t\t\t\t\t<\/li>\n\t\t\t\t\t\t\t<li>\n\t\t\t\t\t\t\t\t\t\t<a class=\"timeline__inner\" target=\"\" href=\"https:\/\/www.nooteboom.com\/es\/quienes-somos\/historia\/1979-2012-4a-generacion\/\">\n\t\t\t\t\t\t\t\t\t\t\t\t\t\t\t\t\t\t<img decoding=\"async\" src=\"https:\/\/www.nooteboom.com\/wp-content\/uploads\/Opening-Nooteboom-Wijchen-with-Neelie-Smit-Kroes-275x165.jpg\" alt=\"Opening Nooteboom Wijchen with Neelie Smit Kroes\">\n\t\t\t\t\t\t\t\t\t\t\t\t\t\t\t\t\t\t\t<p class=\"timeline__title\">1979-2012: 4\u00aa generaci\u00f3n<\/p>\n\t\t\t\t\t\t\t\t\t\t\t\t\t\t\t\t\t\t\t<p>La adquisici\u00f3n de C.M.K. en Wijchen lleva al establecimiento de Nooteboom Trailers B.V. en Wijchen. Las exportaciones aumentan sustancialmente y se establece un sistema internacional de distribuci\u00f3n de recambios .\n<\/p>\n\t\t\t\t\t\t\t\t\t\t\t\t\t\t\t\t\t<\/a>\n\t\t\t\t\t\t\t\t\t<\/li>\n\t\t\t\t\t\t\t<li>\n\t\t\t\t\t\t\t\t\t\t<a class=\"timeline__inner\" target=\"\" href=\"https:\/\/www.nooteboom.com\/es\/quienes-somos\/historia\/2012-hasta-hoy-5a-generacion-marinka-nooteboom\/\">\n\t\t\t\t\t\t\t\t\t\t\t\t\t\t\t\t\t\t<img decoding=\"async\" src=\"https:\/\/www.nooteboom.com\/wp-content\/uploads\/Marinka-Nooteboom-1-275x165.jpg\" alt=\"Marinka Nooteboom\">\n\t\t\t\t\t\t\t\t\t\t\t\t\t\t\t\t\t\t\t<p class=\"timeline__title\">2012 \u2013 hasta hoy: 5\u00aa generaci\u00f3n: Marinka Nooteboom 5th generation<\/p>\n\t\t\t\t\t\t\t\t\t\t\t\t\t\t\t\t\t\t\t<p>En 2012 Marinka Nooteboom, hija de Henk Nooteboom, es nombrada Directora General de Koninklijke Nooteboom Group, una empresa con una plantilla de 350 puestos de trabajo.\n<\/p>\n\t\t\t\t\t\t\t\t\t\t\t\t\t\t\t\t\t<\/a>\n\t\t\t\t\t\t\t\t\t<\/li>\n\t\t\t\t\t<\/ul>\n\n\t<\/div>\n\n\t<script type=\"text\/javascript\">\n\t\tjQuery( document ).ready( function( $ ) {\n\n\t\t\t$( '#slider-69f2c786c6734' ).flexslider( {\n\t\t\t\tanimation: 'slide',\n\t\t\t\tanimationLoop: false,\n\t\t\t\titemWidth: 295,\n\t\t\t\titemMargin: 0,\n\t\t\t\tminItems: 1,\n\t\t\t\tmaxItems: 4,\n\t\t\t\tmove: 1,\n\t\t\t\tdirectionNav: true,\n\t\t\t\tcontrolNav: false\n\t\t\t} );\n\n\t\t\t$( '#slider-69f2c786c6734 .timeline__prev' ).on( 'click', function( event ) {\n\n\t\t\t\tevent.preventDefault();\n\t\t\t\t$( '#slider-69f2c786c6734' ).flexslider( 'prev' )\n\n\t\t\t} );\n\n\t\t\t$( '#slider-69f2c786c6734 .timeline__next' ).on( 'click', function( event ) {\n\n\t\t\t\tevent.preventDefault();\n\t\t\t\t$( '#slider-69f2c786c6734' ).flexslider( 'next' )\n\n\t\t\t} );\n\n\t\t} );\n\t<\/script>\n\n[\/vc_column][\/vc_row]<\/p>\n<\/div>","protected":false},"excerpt":{"rendered":"[vc_row][vc_column][vc_column_text]La adquisici\u00f3n de C.M.K. en Wijchen lleva al establecimiento de Nooteboom Trailers B.V. en Wijchen.\u00a0Las exportaciones aumentan sustancialmente y se&#8230;","protected":false},"author":45,"featured_media":4217,"parent":10517,"menu_order":0,"comment_status":"closed","ping_status":"closed","template":"","meta":{"_acf_changed":false,"inline_featured_image":false,"footnotes":""},"class_list":["post-10529","page","type-page","status-publish","has-post-thumbnail","hentry"],"acf":[],"yoast_head":"<!-- This site is optimized with the Yoast SEO Premium plugin v25.7.1 (Yoast SEO v25.7) - https:\/\/yoast.com\/wordpress\/plugins\/seo\/ -->\n<title>1979-2012: 4\u00aa generaci\u00f3n | Nooteboom Trailers<\/title>\n<meta name=\"description\" content=\"La adquisici\u00f3n de C.M.K. en Wijchen lleva al establecimiento de Nooteboom Trailers B.V. en Wijchen.\" \/>\n<meta name=\"robots\" content=\"index, follow, max-snippet:-1, max-image-preview:large, max-video-preview:-1\" \/>\n<link rel=\"canonical\" href=\"https:\/\/www.nooteboom.com\/es\/quienes-somos\/historia\/1979-2012-4a-generacion\/\" \/>\n<meta property=\"og:locale\" content=\"es_ES\" \/>\n<meta property=\"og:type\" content=\"article\" \/>\n<meta property=\"og:title\" content=\"1979-2012: 4\u00aa generaci\u00f3n\" \/>\n<meta property=\"og:description\" content=\"La adquisici\u00f3n de C.M.K. en Wijchen lleva al establecimiento de Nooteboom Trailers B.V. en Wijchen.\" \/>\n<meta property=\"og:url\" content=\"https:\/\/www.nooteboom.com\/es\/quienes-somos\/historia\/1979-2012-4a-generacion\/\" \/>\n<meta property=\"og:site_name\" content=\"Nooteboom Trailers\" \/>\n<meta property=\"article:publisher\" content=\"https:\/\/nl-nl.facebook.com\/nooteboomtrailers\/\" \/>\n<meta property=\"article:modified_time\" content=\"2016-08-09T13:15:56+00:00\" \/>\n<meta property=\"og:image\" content=\"https:\/\/www.nooteboom.com\/wp-content\/uploads\/Nooteboom-Trailers-Wijchen.jpg\" \/>\n\t<meta property=\"og:image:width\" content=\"839\" \/>\n\t<meta property=\"og:image:height\" content=\"506\" \/>\n\t<meta property=\"og:image:type\" content=\"image\/jpeg\" \/>\n<meta name=\"twitter:card\" content=\"summary_large_image\" \/>\n<meta name=\"twitter:label1\" content=\"Tiempo de lectura\" \/>\n\t<meta name=\"twitter:data1\" content=\"5 minutos\" \/>\n<script type=\"application\/ld+json\" class=\"yoast-schema-graph\">{\"@context\":\"https:\/\/schema.org\",\"@graph\":[{\"@type\":\"WebPage\",\"@id\":\"https:\/\/www.nooteboom.com\/es\/quienes-somos\/historia\/1979-2012-4a-generacion\/\",\"url\":\"https:\/\/www.nooteboom.com\/es\/quienes-somos\/historia\/1979-2012-4a-generacion\/\",\"name\":\"1979-2012: 4\u00aa generaci\u00f3n | Nooteboom Trailers\",\"isPartOf\":{\"@id\":\"https:\/\/www.nooteboom.com\/es\/#website\"},\"primaryImageOfPage\":{\"@id\":\"https:\/\/www.nooteboom.com\/es\/quienes-somos\/historia\/1979-2012-4a-generacion\/#primaryimage\"},\"image\":{\"@id\":\"https:\/\/www.nooteboom.com\/es\/quienes-somos\/historia\/1979-2012-4a-generacion\/#primaryimage\"},\"thumbnailUrl\":\"https:\/\/www.nooteboom.com\/wp-content\/uploads\/Nooteboom-Trailers-Wijchen.jpg\",\"datePublished\":\"2016-08-08T08:51:00+00:00\",\"dateModified\":\"2016-08-09T13:15:56+00:00\",\"description\":\"La adquisici\u00f3n de C.M.K. en Wijchen lleva al establecimiento de Nooteboom Trailers B.V. en Wijchen.\",\"breadcrumb\":{\"@id\":\"https:\/\/www.nooteboom.com\/es\/quienes-somos\/historia\/1979-2012-4a-generacion\/#breadcrumb\"},\"inLanguage\":\"es\",\"potentialAction\":[{\"@type\":\"ReadAction\",\"target\":[\"https:\/\/www.nooteboom.com\/es\/quienes-somos\/historia\/1979-2012-4a-generacion\/\"]}]},{\"@type\":\"ImageObject\",\"inLanguage\":\"es\",\"@id\":\"https:\/\/www.nooteboom.com\/es\/quienes-somos\/historia\/1979-2012-4a-generacion\/#primaryimage\",\"url\":\"https:\/\/www.nooteboom.com\/wp-content\/uploads\/Nooteboom-Trailers-Wijchen.jpg\",\"contentUrl\":\"https:\/\/www.nooteboom.com\/wp-content\/uploads\/Nooteboom-Trailers-Wijchen.jpg\",\"width\":839,\"height\":506,\"caption\":\"4\u00aa generaci\u00f3n\"},{\"@type\":\"BreadcrumbList\",\"@id\":\"https:\/\/www.nooteboom.com\/es\/quienes-somos\/historia\/1979-2012-4a-generacion\/#breadcrumb\",\"itemListElement\":[{\"@type\":\"ListItem\",\"position\":1,\"name\":\"Home\",\"item\":\"https:\/\/www.nooteboom.com\/es\/\"},{\"@type\":\"ListItem\",\"position\":2,\"name\":\"Quienes somos\",\"item\":\"https:\/\/www.nooteboom.com\/es\/quienes-somos\/\"},{\"@type\":\"ListItem\",\"position\":3,\"name\":\"Historia\",\"item\":\"https:\/\/www.nooteboom.com\/es\/quienes-somos\/historia\/\"},{\"@type\":\"ListItem\",\"position\":4,\"name\":\"1979-2012: 4\u00aa generaci\u00f3n\"}]},{\"@type\":\"WebSite\",\"@id\":\"https:\/\/www.nooteboom.com\/es\/#website\",\"url\":\"https:\/\/www.nooteboom.com\/es\/\",\"name\":\"Nooteboom Trailers\",\"description\":\"Gets you there.\",\"publisher\":{\"@id\":\"https:\/\/www.nooteboom.com\/es\/#organization\"},\"potentialAction\":[{\"@type\":\"SearchAction\",\"target\":{\"@type\":\"EntryPoint\",\"urlTemplate\":\"https:\/\/www.nooteboom.com\/es\/?s={search_term_string}\"},\"query-input\":{\"@type\":\"PropertyValueSpecification\",\"valueRequired\":true,\"valueName\":\"search_term_string\"}}],\"inLanguage\":\"es\"},{\"@type\":\"Organization\",\"@id\":\"https:\/\/www.nooteboom.com\/es\/#organization\",\"name\":\"Nooteboom Trailers\",\"url\":\"https:\/\/www.nooteboom.com\/es\/\",\"logo\":{\"@type\":\"ImageObject\",\"inLanguage\":\"es\",\"@id\":\"https:\/\/www.nooteboom.com\/es\/#\/schema\/logo\/image\/\",\"url\":\"https:\/\/www.nooteboom.com\/wp-content\/uploads\/logo.png\",\"contentUrl\":\"https:\/\/www.nooteboom.com\/wp-content\/uploads\/logo.png\",\"width\":111,\"height\":66,\"caption\":\"Nooteboom Trailers\"},\"image\":{\"@id\":\"https:\/\/www.nooteboom.com\/es\/#\/schema\/logo\/image\/\"},\"sameAs\":[\"https:\/\/nl-nl.facebook.com\/nooteboomtrailers\/\",\"https:\/\/nl.linkedin.com\/company\/nooteboom-trailers\",\"https:\/\/www.youtube.com\/user\/Nooteboomtrailers\"]}]}<\/script>\n<!-- \/ Yoast SEO Premium plugin. -->","yoast_head_json":{"title":"1979-2012: 4\u00aa generaci\u00f3n | Nooteboom Trailers","description":"La adquisici\u00f3n de C.M.K. en Wijchen lleva al establecimiento de Nooteboom Trailers B.V. en Wijchen.","robots":{"index":"index","follow":"follow","max-snippet":"max-snippet:-1","max-image-preview":"max-image-preview:large","max-video-preview":"max-video-preview:-1"},"canonical":"https:\/\/www.nooteboom.com\/es\/quienes-somos\/historia\/1979-2012-4a-generacion\/","og_locale":"es_ES","og_type":"article","og_title":"1979-2012: 4\u00aa generaci\u00f3n","og_description":"La adquisici\u00f3n de C.M.K. en Wijchen lleva al establecimiento de Nooteboom Trailers B.V. en Wijchen.","og_url":"https:\/\/www.nooteboom.com\/es\/quienes-somos\/historia\/1979-2012-4a-generacion\/","og_site_name":"Nooteboom Trailers","article_publisher":"https:\/\/nl-nl.facebook.com\/nooteboomtrailers\/","article_modified_time":"2016-08-09T13:15:56+00:00","og_image":[{"width":839,"height":506,"url":"https:\/\/www.nooteboom.com\/wp-content\/uploads\/Nooteboom-Trailers-Wijchen.jpg","type":"image\/jpeg"}],"twitter_card":"summary_large_image","twitter_misc":{"Tiempo de lectura":"5 minutos"},"schema":{"@context":"https:\/\/schema.org","@graph":[{"@type":"WebPage","@id":"https:\/\/www.nooteboom.com\/es\/quienes-somos\/historia\/1979-2012-4a-generacion\/","url":"https:\/\/www.nooteboom.com\/es\/quienes-somos\/historia\/1979-2012-4a-generacion\/","name":"1979-2012: 4\u00aa generaci\u00f3n | Nooteboom Trailers","isPartOf":{"@id":"https:\/\/www.nooteboom.com\/es\/#website"},"primaryImageOfPage":{"@id":"https:\/\/www.nooteboom.com\/es\/quienes-somos\/historia\/1979-2012-4a-generacion\/#primaryimage"},"image":{"@id":"https:\/\/www.nooteboom.com\/es\/quienes-somos\/historia\/1979-2012-4a-generacion\/#primaryimage"},"thumbnailUrl":"https:\/\/www.nooteboom.com\/wp-content\/uploads\/Nooteboom-Trailers-Wijchen.jpg","datePublished":"2016-08-08T08:51:00+00:00","dateModified":"2016-08-09T13:15:56+00:00","description":"La adquisici\u00f3n de C.M.K. en Wijchen lleva al establecimiento de Nooteboom Trailers B.V. en Wijchen.","breadcrumb":{"@id":"https:\/\/www.nooteboom.com\/es\/quienes-somos\/historia\/1979-2012-4a-generacion\/#breadcrumb"},"inLanguage":"es","potentialAction":[{"@type":"ReadAction","target":["https:\/\/www.nooteboom.com\/es\/quienes-somos\/historia\/1979-2012-4a-generacion\/"]}]},{"@type":"ImageObject","inLanguage":"es","@id":"https:\/\/www.nooteboom.com\/es\/quienes-somos\/historia\/1979-2012-4a-generacion\/#primaryimage","url":"https:\/\/www.nooteboom.com\/wp-content\/uploads\/Nooteboom-Trailers-Wijchen.jpg","contentUrl":"https:\/\/www.nooteboom.com\/wp-content\/uploads\/Nooteboom-Trailers-Wijchen.jpg","width":839,"height":506,"caption":"4\u00aa generaci\u00f3n"},{"@type":"BreadcrumbList","@id":"https:\/\/www.nooteboom.com\/es\/quienes-somos\/historia\/1979-2012-4a-generacion\/#breadcrumb","itemListElement":[{"@type":"ListItem","position":1,"name":"Home","item":"https:\/\/www.nooteboom.com\/es\/"},{"@type":"ListItem","position":2,"name":"Quienes somos","item":"https:\/\/www.nooteboom.com\/es\/quienes-somos\/"},{"@type":"ListItem","position":3,"name":"Historia","item":"https:\/\/www.nooteboom.com\/es\/quienes-somos\/historia\/"},{"@type":"ListItem","position":4,"name":"1979-2012: 4\u00aa generaci\u00f3n"}]},{"@type":"WebSite","@id":"https:\/\/www.nooteboom.com\/es\/#website","url":"https:\/\/www.nooteboom.com\/es\/","name":"Nooteboom Trailers","description":"Gets you there.","publisher":{"@id":"https:\/\/www.nooteboom.com\/es\/#organization"},"potentialAction":[{"@type":"SearchAction","target":{"@type":"EntryPoint","urlTemplate":"https:\/\/www.nooteboom.com\/es\/?s={search_term_string}"},"query-input":{"@type":"PropertyValueSpecification","valueRequired":true,"valueName":"search_term_string"}}],"inLanguage":"es"},{"@type":"Organization","@id":"https:\/\/www.nooteboom.com\/es\/#organization","name":"Nooteboom Trailers","url":"https:\/\/www.nooteboom.com\/es\/","logo":{"@type":"ImageObject","inLanguage":"es","@id":"https:\/\/www.nooteboom.com\/es\/#\/schema\/logo\/image\/","url":"https:\/\/www.nooteboom.com\/wp-content\/uploads\/logo.png","contentUrl":"https:\/\/www.nooteboom.com\/wp-content\/uploads\/logo.png","width":111,"height":66,"caption":"Nooteboom Trailers"},"image":{"@id":"https:\/\/www.nooteboom.com\/es\/#\/schema\/logo\/image\/"},"sameAs":["https:\/\/nl-nl.facebook.com\/nooteboomtrailers\/","https:\/\/nl.linkedin.com\/company\/nooteboom-trailers","https:\/\/www.youtube.com\/user\/Nooteboomtrailers"]}]}},"_links":{"self":[{"href":"https:\/\/www.nooteboom.com\/es\/wp-json\/wp\/v2\/pages\/10529","targetHints":{"allow":["GET"]}}],"collection":[{"href":"https:\/\/www.nooteboom.com\/es\/wp-json\/wp\/v2\/pages"}],"about":[{"href":"https:\/\/www.nooteboom.com\/es\/wp-json\/wp\/v2\/types\/page"}],"author":[{"embeddable":true,"href":"https:\/\/www.nooteboom.com\/es\/wp-json\/wp\/v2\/users\/45"}],"replies":[{"embeddable":true,"href":"https:\/\/www.nooteboom.com\/es\/wp-json\/wp\/v2\/comments?post=10529"}],"version-history":[{"count":3,"href":"https:\/\/www.nooteboom.com\/es\/wp-json\/wp\/v2\/pages\/10529\/revisions"}],"predecessor-version":[{"id":10726,"href":"https:\/\/www.nooteboom.com\/es\/wp-json\/wp\/v2\/pages\/10529\/revisions\/10726"}],"up":[{"embeddable":true,"href":"https:\/\/www.nooteboom.com\/es\/wp-json\/wp\/v2\/pages\/10517"}],"wp:featuredmedia":[{"embeddable":true,"href":"https:\/\/www.nooteboom.com\/es\/wp-json\/wp\/v2\/media\/4217"}],"wp:attachment":[{"href":"https:\/\/www.nooteboom.com\/es\/wp-json\/wp\/v2\/media?parent=10529"}],"curies":[{"name":"wp","href":"https:\/\/api.w.org\/{rel}","templated":true}]}}