{"id":10521,"date":"2016-08-08T10:46:57","date_gmt":"2016-08-08T08:46:57","guid":{"rendered":"https:\/\/www.nooteboom.com\/?page_id=10521&#038;lang=es"},"modified":"2016-08-09T15:17:42","modified_gmt":"2016-08-09T13:17:42","slug":"1921-1939-2a-generacion","status":"publish","type":"page","link":"https:\/\/www.nooteboom.com\/es\/quienes-somos\/historia\/1921-1939-2a-generacion\/","title":{"rendered":"1921-1939: 2\u00aa generaci\u00f3n"},"content":{"rendered":"<div class=\"wpb-content-wrapper\"><p>[vc_row][vc_column][vc_column_text]Cuando se une a la empresa en 1921, Henk Jan Nooteboom (foto) anticipa un crecimiento en veh\u00edculos.\u00a0Tras encargarse de las plantillas de un constructor de carruajes, queda establecida Nooteboom Fabriek van Wegtransportmiddelen (la F\u00e1brica de Nooteboom de veh\u00edculos de transporte por carretera).\u00a0Es un paso importante pasando de ser una empresa de suministros a fabricante del producto final.[\/vc_column_text][\/vc_column][\/vc_row][vc_row][vc_column width=\u00bb1\/2&#8243;][vc_single_image image=\u00bb1105&#8243; img_size=\u00bblarge\u00bb][vc_single_image image=\u00bb1130&#8243; img_size=\u00bblarge\u00bb][\/vc_column][vc_column width=\u00bb1\/2&#8243;][vc_column_text]Principalmente construyen carros para ganaderos, pero tambi\u00e9n carruajes para transporte de pasajeros.\u00a0Esta actividad de construcci\u00f3n de carruajes tiene lugar en el momento en que los autom\u00f3viles se hacen m\u00e1s populares.\u00a0En 1929 su hijo Anton se une a la empresa.\u00a0Empieza reparando autom\u00f3viles.\u00a0En 1933, Anton, de 18 a\u00f1os de edad, decide ampliar sus conocimientos en ingenier\u00eda de autom\u00f3viles. Consigue empleo en el distribuidor de coches \u2018Autohandel Pietersen\u2019.\u00a0Dos a\u00f1os m\u00e1s tarde Anton pone en marcha su propio negocio: \u2018Garage de Toekomst\u2019.<\/p>\n<p>Cuando Henk Jan Nooteboom muere en 1939, Toon Nooteboom se encarga de la gesti\u00f3n de la empresa familiar.<\/p>\n<p><a class=\"button\" href=\"https:\/\/www.nooteboom.com\/es\/quienes-somos\/historia\/\">Volver a la historia<\/a>\u00a0<a class=\"button\" href=\"https:\/\/www.nooteboom.com\/es\/quienes-somos\/historia\/1939-1953-3a-generacion\/\">1939 \u2013 1953: 3\u00aa generaci\u00f3n<\/a>[\/vc_column_text][\/vc_column][\/vc_row][vc_row full_width=\u00bbstretch_row_content_no_spaces\u00bb row_class=\u00bb\u00bb][vc_column]\n\t<div id=\"slider-69f38f38de2ac\" class=\"vc_timeline timeline centered\">\n\n\t\t<ul class=\"slides\">\n\t\t\t\t\t\t\t<li>\n\t\t\t\t\t\t\t\t\t\t<a class=\"timeline__inner\" target=\"\" href=\"https:\/\/www.nooteboom.com\/es\/quienes-somos\/historia\/1881-1921-1a-generacion\/\">\n\t\t\t\t\t\t\t\t\t\t\t\t\t\t\t\t\t\t<img decoding=\"async\" src=\"https:\/\/www.nooteboom.com\/wp-content\/uploads\/Nooteboom-horseshoes-fitting-275x165.jpg\" alt=\"1st generation\">\n\t\t\t\t\t\t\t\t\t\t\t\t\t\t\t\t\t\t\t<p class=\"timeline__title\">1881-1921: 1\u00aa generaci\u00f3n<\/p>\n\t\t\t\t\t\t\t\t\t\t\t\t\t\t\t\t\t\t\t<p>En 1881 Willem Nooteboom, de 26 a\u00f1os de edad (foto de la derecha), hijo de un herrero de Schiebroek, abre su propia herrer\u00eda en el pueblo de Kethel, a tiro de piedra de Rotterdam.\n<\/p>\n\t\t\t\t\t\t\t\t\t\t\t\t\t\t\t\t\t<\/a>\n\t\t\t\t\t\t\t\t\t<\/li>\n\t\t\t\t\t\t\t<li>\n\t\t\t\t\t\t\t\t\t\t<a class=\"timeline__inner\" target=\"\" href=\"https:\/\/www.nooteboom.com\/es\/quienes-somos\/historia\/1921-1939-2a-generacion\/\">\n\t\t\t\t\t\t\t\t\t\t\t\t\t\t\t\t\t\t<img decoding=\"async\" src=\"https:\/\/www.nooteboom.com\/wp-content\/uploads\/Henk-Jan-Nooteboom-275x165.jpg\" alt=\"Henk Jan Nooteboom\">\n\t\t\t\t\t\t\t\t\t\t\t\t\t\t\t\t\t\t\t<p class=\"timeline__title\">1921-1939: 2\u00aa generaci\u00f3n<\/p>\n\t\t\t\t\t\t\t\t\t\t\t\t\t\t\t\t\t\t\t<p>Cuando se une a la empresa en 1921, Henk Jan Nooteboom (foto de la derecha) anticipa un crecimiento en veh\u00edculos...<\/p>\n\t\t\t\t\t\t\t\t\t\t\t\t\t\t\t\t\t<\/a>\n\t\t\t\t\t\t\t\t\t<\/li>\n\t\t\t\t\t\t\t<li>\n\t\t\t\t\t\t\t\t\t\t<a class=\"timeline__inner\" target=\"\" href=\"https:\/\/www.nooteboom.com\/es\/quienes-somos\/historia\/1939-1953-3a-generacion\/\">\n\t\t\t\t\t\t\t\t\t\t\t\t\t\t\t\t\t\t<img decoding=\"async\" src=\"https:\/\/www.nooteboom.com\/wp-content\/uploads\/Nooteboom-Tipper-275x165.jpg\" alt=\"Nooteboom Tipper\">\n\t\t\t\t\t\t\t\t\t\t\t\t\t\t\t\t\t\t\t<p class=\"timeline__title\">1939 \u2013 1953: 3\u00aa generaci\u00f3n<\/p>\n\t\t\t\t\t\t\t\t\t\t\t\t\t\t\t\t\t\t\t<p>En 1939 Anton Nooteboom (foto de la derecha) se une a la empresa, que en los a\u00f1os siguientes se convertir\u00eda exitosamente en fabricante de veh\u00edculos de transporte modernos.<\/p>\n\t\t\t\t\t\t\t\t\t\t\t\t\t\t\t\t\t<\/a>\n\t\t\t\t\t\t\t\t\t<\/li>\n\t\t\t\t\t\t\t<li>\n\t\t\t\t\t\t\t\t\t\t<a class=\"timeline__inner\" target=\"\" href=\"https:\/\/www.nooteboom.com\/es\/quienes-somos\/historia\/1953-1979-3a-generacion\/\">\n\t\t\t\t\t\t\t\t\t\t\t\t\t\t\t\t\t\t<img decoding=\"async\" src=\"https:\/\/www.nooteboom.com\/wp-content\/uploads\/Nooteboom-Utrecht-275x165.jpg\" alt=\"Nooteboom Utrecht\">\n\t\t\t\t\t\t\t\t\t\t\t\t\t\t\t\t\t\t\t<p class=\"timeline__title\">1953 \u2013 1979: 3\u00aa generaci\u00f3n<\/p>\n\t\t\t\t\t\t\t\t\t\t\t\t\t\t\t\t\t\t\t<p>Despu\u00e9s de la inundaci\u00f3n de Zeeland, en 1953 empieza la reconstrucci\u00f3n y hay una gran demanda de g\u00f3ndolas y dragalinas.\n<\/p>\n\t\t\t\t\t\t\t\t\t\t\t\t\t\t\t\t\t<\/a>\n\t\t\t\t\t\t\t\t\t<\/li>\n\t\t\t\t\t\t\t<li>\n\t\t\t\t\t\t\t\t\t\t<a class=\"timeline__inner\" target=\"\" href=\"https:\/\/www.nooteboom.com\/es\/quienes-somos\/historia\/1967-1979-4a-generacion\/\">\n\t\t\t\t\t\t\t\t\t\t\t\t\t\t\t\t\t\t<img decoding=\"async\" src=\"https:\/\/www.nooteboom.com\/wp-content\/uploads\/Nooteboom-ODU-low-loader-275x165.png\" alt=\"Nooteboom ODU low-loader\">\n\t\t\t\t\t\t\t\t\t\t\t\t\t\t\t\t\t\t\t<p class=\"timeline__title\">1967-1979: 4\u00aa generaci\u00f3n<\/p>\n\t\t\t\t\t\t\t\t\t\t\t\t\t\t\t\t\t\t\t<p>Anton Nooteboom sigue implicado en la empresa familiar hasta 1979, pero en 1967 tiene refuerzos. Dick Nooteboom, tras un puesto de trabajo en el extranjero, es el primer hijo en unirse a la empresa.\n<\/p>\n\t\t\t\t\t\t\t\t\t\t\t\t\t\t\t\t\t<\/a>\n\t\t\t\t\t\t\t\t\t<\/li>\n\t\t\t\t\t\t\t<li>\n\t\t\t\t\t\t\t\t\t\t<a class=\"timeline__inner\" target=\"\" href=\"https:\/\/www.nooteboom.com\/es\/quienes-somos\/historia\/1979-2012-4a-generacion\/\">\n\t\t\t\t\t\t\t\t\t\t\t\t\t\t\t\t\t\t<img decoding=\"async\" src=\"https:\/\/www.nooteboom.com\/wp-content\/uploads\/Opening-Nooteboom-Wijchen-with-Neelie-Smit-Kroes-275x165.jpg\" alt=\"Opening Nooteboom Wijchen with Neelie Smit Kroes\">\n\t\t\t\t\t\t\t\t\t\t\t\t\t\t\t\t\t\t\t<p class=\"timeline__title\">1979-2012: 4\u00aa generaci\u00f3n<\/p>\n\t\t\t\t\t\t\t\t\t\t\t\t\t\t\t\t\t\t\t<p>La adquisici\u00f3n de C.M.K. en Wijchen lleva al establecimiento de Nooteboom Trailers B.V. en Wijchen. Las exportaciones aumentan sustancialmente y se establece un sistema internacional de distribuci\u00f3n de recambios .\n<\/p>\n\t\t\t\t\t\t\t\t\t\t\t\t\t\t\t\t\t<\/a>\n\t\t\t\t\t\t\t\t\t<\/li>\n\t\t\t\t\t\t\t<li>\n\t\t\t\t\t\t\t\t\t\t<a class=\"timeline__inner\" target=\"\" href=\"https:\/\/www.nooteboom.com\/es\/quienes-somos\/historia\/2012-hasta-hoy-5a-generacion-marinka-nooteboom\/\">\n\t\t\t\t\t\t\t\t\t\t\t\t\t\t\t\t\t\t<img decoding=\"async\" src=\"https:\/\/www.nooteboom.com\/wp-content\/uploads\/Marinka-Nooteboom-1-275x165.jpg\" alt=\"Marinka Nooteboom\">\n\t\t\t\t\t\t\t\t\t\t\t\t\t\t\t\t\t\t\t<p class=\"timeline__title\">2012 \u2013 hasta hoy: 5\u00aa generaci\u00f3n: Marinka Nooteboom 5th generation<\/p>\n\t\t\t\t\t\t\t\t\t\t\t\t\t\t\t\t\t\t\t<p>En 2012 Marinka Nooteboom, hija de Henk Nooteboom, es nombrada Directora General de Koninklijke Nooteboom Group, una empresa con una plantilla de 350 puestos de trabajo.\n<\/p>\n\t\t\t\t\t\t\t\t\t\t\t\t\t\t\t\t\t<\/a>\n\t\t\t\t\t\t\t\t\t<\/li>\n\t\t\t\t\t<\/ul>\n\n\t<\/div>\n\n\t<script type=\"text\/javascript\">\n\t\tjQuery( document ).ready( function( $ ) {\n\n\t\t\t$( '#slider-69f38f38de2ac' ).flexslider( {\n\t\t\t\tanimation: 'slide',\n\t\t\t\tanimationLoop: false,\n\t\t\t\titemWidth: 295,\n\t\t\t\titemMargin: 0,\n\t\t\t\tminItems: 1,\n\t\t\t\tmaxItems: 4,\n\t\t\t\tmove: 1,\n\t\t\t\tdirectionNav: true,\n\t\t\t\tcontrolNav: false\n\t\t\t} );\n\n\t\t\t$( '#slider-69f38f38de2ac .timeline__prev' ).on( 'click', function( event ) {\n\n\t\t\t\tevent.preventDefault();\n\t\t\t\t$( '#slider-69f38f38de2ac' ).flexslider( 'prev' )\n\n\t\t\t} );\n\n\t\t\t$( '#slider-69f38f38de2ac .timeline__next' ).on( 'click', function( event ) {\n\n\t\t\t\tevent.preventDefault();\n\t\t\t\t$( '#slider-69f38f38de2ac' ).flexslider( 'next' )\n\n\t\t\t} );\n\n\t\t} );\n\t<\/script>\n\n[\/vc_column][\/vc_row]<\/p>\n<\/div>","protected":false},"excerpt":{"rendered":"[vc_row][vc_column][vc_column_text]Cuando se une a la empresa en 1921, Henk Jan Nooteboom (foto) anticipa un crecimiento en veh\u00edculos.\u00a0Tras encargarse de las&#8230;","protected":false},"author":45,"featured_media":4167,"parent":10517,"menu_order":0,"comment_status":"closed","ping_status":"closed","template":"","meta":{"_acf_changed":false,"inline_featured_image":false,"footnotes":""},"class_list":["post-10521","page","type-page","status-publish","has-post-thumbnail","hentry"],"acf":[],"yoast_head":"<!-- This site is optimized with the Yoast SEO Premium plugin v25.7.1 (Yoast SEO v25.7) - https:\/\/yoast.com\/wordpress\/plugins\/seo\/ -->\n<title>1921-1939: 2\u00aa generaci\u00f3n | Nooteboom Trailers<\/title>\n<meta name=\"description\" content=\"Cuando se une a la empresa en 1921, Henk Jan Nooteboom (foto de la derecha) anticipa un crecimiento en veh\u00edculos...\" \/>\n<meta name=\"robots\" content=\"index, follow, max-snippet:-1, max-image-preview:large, max-video-preview:-1\" \/>\n<link rel=\"canonical\" href=\"https:\/\/www.nooteboom.com\/es\/quienes-somos\/historia\/1921-1939-2a-generacion\/\" \/>\n<meta property=\"og:locale\" content=\"es_ES\" \/>\n<meta property=\"og:type\" content=\"article\" \/>\n<meta property=\"og:title\" content=\"1921-1939: 2\u00aa generaci\u00f3n\" \/>\n<meta property=\"og:description\" content=\"Cuando se une a la empresa en 1921, Henk Jan Nooteboom (foto de la derecha) anticipa un crecimiento en veh\u00edculos...\" \/>\n<meta property=\"og:url\" content=\"https:\/\/www.nooteboom.com\/es\/quienes-somos\/historia\/1921-1939-2a-generacion\/\" \/>\n<meta property=\"og:site_name\" content=\"Nooteboom Trailers\" \/>\n<meta property=\"article:publisher\" content=\"https:\/\/nl-nl.facebook.com\/nooteboomtrailers\/\" \/>\n<meta property=\"article:modified_time\" content=\"2016-08-09T13:17:42+00:00\" \/>\n<meta property=\"og:image\" content=\"https:\/\/www.nooteboom.com\/wp-content\/uploads\/Nooteboom-aanhangwagen-1.jpg\" \/>\n\t<meta property=\"og:image:width\" content=\"719\" \/>\n\t<meta property=\"og:image:height\" content=\"288\" \/>\n\t<meta property=\"og:image:type\" content=\"image\/jpeg\" \/>\n<meta name=\"twitter:card\" content=\"summary_large_image\" \/>\n<meta name=\"twitter:label1\" content=\"Tiempo de lectura\" \/>\n\t<meta name=\"twitter:data1\" content=\"4 minutos\" \/>\n<script type=\"application\/ld+json\" class=\"yoast-schema-graph\">{\"@context\":\"https:\/\/schema.org\",\"@graph\":[{\"@type\":\"WebPage\",\"@id\":\"https:\/\/www.nooteboom.com\/es\/quienes-somos\/historia\/1921-1939-2a-generacion\/\",\"url\":\"https:\/\/www.nooteboom.com\/es\/quienes-somos\/historia\/1921-1939-2a-generacion\/\",\"name\":\"1921-1939: 2\u00aa generaci\u00f3n | Nooteboom Trailers\",\"isPartOf\":{\"@id\":\"https:\/\/www.nooteboom.com\/es\/#website\"},\"primaryImageOfPage\":{\"@id\":\"https:\/\/www.nooteboom.com\/es\/quienes-somos\/historia\/1921-1939-2a-generacion\/#primaryimage\"},\"image\":{\"@id\":\"https:\/\/www.nooteboom.com\/es\/quienes-somos\/historia\/1921-1939-2a-generacion\/#primaryimage\"},\"thumbnailUrl\":\"https:\/\/www.nooteboom.com\/wp-content\/uploads\/Nooteboom-aanhangwagen-1.jpg\",\"datePublished\":\"2016-08-08T08:46:57+00:00\",\"dateModified\":\"2016-08-09T13:17:42+00:00\",\"description\":\"Cuando se une a la empresa en 1921, Henk Jan Nooteboom (foto de la derecha) anticipa un crecimiento en veh\u00edculos...\",\"breadcrumb\":{\"@id\":\"https:\/\/www.nooteboom.com\/es\/quienes-somos\/historia\/1921-1939-2a-generacion\/#breadcrumb\"},\"inLanguage\":\"es\",\"potentialAction\":[{\"@type\":\"ReadAction\",\"target\":[\"https:\/\/www.nooteboom.com\/es\/quienes-somos\/historia\/1921-1939-2a-generacion\/\"]}]},{\"@type\":\"ImageObject\",\"inLanguage\":\"es\",\"@id\":\"https:\/\/www.nooteboom.com\/es\/quienes-somos\/historia\/1921-1939-2a-generacion\/#primaryimage\",\"url\":\"https:\/\/www.nooteboom.com\/wp-content\/uploads\/Nooteboom-aanhangwagen-1.jpg\",\"contentUrl\":\"https:\/\/www.nooteboom.com\/wp-content\/uploads\/Nooteboom-aanhangwagen-1.jpg\",\"width\":719,\"height\":288,\"caption\":\"2\u00aa generaci\u00f3n\"},{\"@type\":\"BreadcrumbList\",\"@id\":\"https:\/\/www.nooteboom.com\/es\/quienes-somos\/historia\/1921-1939-2a-generacion\/#breadcrumb\",\"itemListElement\":[{\"@type\":\"ListItem\",\"position\":1,\"name\":\"Home\",\"item\":\"https:\/\/www.nooteboom.com\/es\/\"},{\"@type\":\"ListItem\",\"position\":2,\"name\":\"Quienes somos\",\"item\":\"https:\/\/www.nooteboom.com\/es\/quienes-somos\/\"},{\"@type\":\"ListItem\",\"position\":3,\"name\":\"Historia\",\"item\":\"https:\/\/www.nooteboom.com\/es\/quienes-somos\/historia\/\"},{\"@type\":\"ListItem\",\"position\":4,\"name\":\"1921-1939: 2\u00aa generaci\u00f3n\"}]},{\"@type\":\"WebSite\",\"@id\":\"https:\/\/www.nooteboom.com\/es\/#website\",\"url\":\"https:\/\/www.nooteboom.com\/es\/\",\"name\":\"Nooteboom Trailers\",\"description\":\"Gets you there.\",\"publisher\":{\"@id\":\"https:\/\/www.nooteboom.com\/es\/#organization\"},\"potentialAction\":[{\"@type\":\"SearchAction\",\"target\":{\"@type\":\"EntryPoint\",\"urlTemplate\":\"https:\/\/www.nooteboom.com\/es\/?s={search_term_string}\"},\"query-input\":{\"@type\":\"PropertyValueSpecification\",\"valueRequired\":true,\"valueName\":\"search_term_string\"}}],\"inLanguage\":\"es\"},{\"@type\":\"Organization\",\"@id\":\"https:\/\/www.nooteboom.com\/es\/#organization\",\"name\":\"Nooteboom Trailers\",\"url\":\"https:\/\/www.nooteboom.com\/es\/\",\"logo\":{\"@type\":\"ImageObject\",\"inLanguage\":\"es\",\"@id\":\"https:\/\/www.nooteboom.com\/es\/#\/schema\/logo\/image\/\",\"url\":\"https:\/\/www.nooteboom.com\/wp-content\/uploads\/logo.png\",\"contentUrl\":\"https:\/\/www.nooteboom.com\/wp-content\/uploads\/logo.png\",\"width\":111,\"height\":66,\"caption\":\"Nooteboom Trailers\"},\"image\":{\"@id\":\"https:\/\/www.nooteboom.com\/es\/#\/schema\/logo\/image\/\"},\"sameAs\":[\"https:\/\/nl-nl.facebook.com\/nooteboomtrailers\/\",\"https:\/\/nl.linkedin.com\/company\/nooteboom-trailers\",\"https:\/\/www.youtube.com\/user\/Nooteboomtrailers\"]}]}<\/script>\n<!-- \/ Yoast SEO Premium plugin. -->","yoast_head_json":{"title":"1921-1939: 2\u00aa generaci\u00f3n | Nooteboom Trailers","description":"Cuando se une a la empresa en 1921, Henk Jan Nooteboom (foto de la derecha) anticipa un crecimiento en veh\u00edculos...","robots":{"index":"index","follow":"follow","max-snippet":"max-snippet:-1","max-image-preview":"max-image-preview:large","max-video-preview":"max-video-preview:-1"},"canonical":"https:\/\/www.nooteboom.com\/es\/quienes-somos\/historia\/1921-1939-2a-generacion\/","og_locale":"es_ES","og_type":"article","og_title":"1921-1939: 2\u00aa generaci\u00f3n","og_description":"Cuando se une a la empresa en 1921, Henk Jan Nooteboom (foto de la derecha) anticipa un crecimiento en veh\u00edculos...","og_url":"https:\/\/www.nooteboom.com\/es\/quienes-somos\/historia\/1921-1939-2a-generacion\/","og_site_name":"Nooteboom Trailers","article_publisher":"https:\/\/nl-nl.facebook.com\/nooteboomtrailers\/","article_modified_time":"2016-08-09T13:17:42+00:00","og_image":[{"width":719,"height":288,"url":"https:\/\/www.nooteboom.com\/wp-content\/uploads\/Nooteboom-aanhangwagen-1.jpg","type":"image\/jpeg"}],"twitter_card":"summary_large_image","twitter_misc":{"Tiempo de lectura":"4 minutos"},"schema":{"@context":"https:\/\/schema.org","@graph":[{"@type":"WebPage","@id":"https:\/\/www.nooteboom.com\/es\/quienes-somos\/historia\/1921-1939-2a-generacion\/","url":"https:\/\/www.nooteboom.com\/es\/quienes-somos\/historia\/1921-1939-2a-generacion\/","name":"1921-1939: 2\u00aa generaci\u00f3n | Nooteboom Trailers","isPartOf":{"@id":"https:\/\/www.nooteboom.com\/es\/#website"},"primaryImageOfPage":{"@id":"https:\/\/www.nooteboom.com\/es\/quienes-somos\/historia\/1921-1939-2a-generacion\/#primaryimage"},"image":{"@id":"https:\/\/www.nooteboom.com\/es\/quienes-somos\/historia\/1921-1939-2a-generacion\/#primaryimage"},"thumbnailUrl":"https:\/\/www.nooteboom.com\/wp-content\/uploads\/Nooteboom-aanhangwagen-1.jpg","datePublished":"2016-08-08T08:46:57+00:00","dateModified":"2016-08-09T13:17:42+00:00","description":"Cuando se une a la empresa en 1921, Henk Jan Nooteboom (foto de la derecha) anticipa un crecimiento en veh\u00edculos...","breadcrumb":{"@id":"https:\/\/www.nooteboom.com\/es\/quienes-somos\/historia\/1921-1939-2a-generacion\/#breadcrumb"},"inLanguage":"es","potentialAction":[{"@type":"ReadAction","target":["https:\/\/www.nooteboom.com\/es\/quienes-somos\/historia\/1921-1939-2a-generacion\/"]}]},{"@type":"ImageObject","inLanguage":"es","@id":"https:\/\/www.nooteboom.com\/es\/quienes-somos\/historia\/1921-1939-2a-generacion\/#primaryimage","url":"https:\/\/www.nooteboom.com\/wp-content\/uploads\/Nooteboom-aanhangwagen-1.jpg","contentUrl":"https:\/\/www.nooteboom.com\/wp-content\/uploads\/Nooteboom-aanhangwagen-1.jpg","width":719,"height":288,"caption":"2\u00aa generaci\u00f3n"},{"@type":"BreadcrumbList","@id":"https:\/\/www.nooteboom.com\/es\/quienes-somos\/historia\/1921-1939-2a-generacion\/#breadcrumb","itemListElement":[{"@type":"ListItem","position":1,"name":"Home","item":"https:\/\/www.nooteboom.com\/es\/"},{"@type":"ListItem","position":2,"name":"Quienes somos","item":"https:\/\/www.nooteboom.com\/es\/quienes-somos\/"},{"@type":"ListItem","position":3,"name":"Historia","item":"https:\/\/www.nooteboom.com\/es\/quienes-somos\/historia\/"},{"@type":"ListItem","position":4,"name":"1921-1939: 2\u00aa generaci\u00f3n"}]},{"@type":"WebSite","@id":"https:\/\/www.nooteboom.com\/es\/#website","url":"https:\/\/www.nooteboom.com\/es\/","name":"Nooteboom Trailers","description":"Gets you there.","publisher":{"@id":"https:\/\/www.nooteboom.com\/es\/#organization"},"potentialAction":[{"@type":"SearchAction","target":{"@type":"EntryPoint","urlTemplate":"https:\/\/www.nooteboom.com\/es\/?s={search_term_string}"},"query-input":{"@type":"PropertyValueSpecification","valueRequired":true,"valueName":"search_term_string"}}],"inLanguage":"es"},{"@type":"Organization","@id":"https:\/\/www.nooteboom.com\/es\/#organization","name":"Nooteboom Trailers","url":"https:\/\/www.nooteboom.com\/es\/","logo":{"@type":"ImageObject","inLanguage":"es","@id":"https:\/\/www.nooteboom.com\/es\/#\/schema\/logo\/image\/","url":"https:\/\/www.nooteboom.com\/wp-content\/uploads\/logo.png","contentUrl":"https:\/\/www.nooteboom.com\/wp-content\/uploads\/logo.png","width":111,"height":66,"caption":"Nooteboom Trailers"},"image":{"@id":"https:\/\/www.nooteboom.com\/es\/#\/schema\/logo\/image\/"},"sameAs":["https:\/\/nl-nl.facebook.com\/nooteboomtrailers\/","https:\/\/nl.linkedin.com\/company\/nooteboom-trailers","https:\/\/www.youtube.com\/user\/Nooteboomtrailers"]}]}},"_links":{"self":[{"href":"https:\/\/www.nooteboom.com\/es\/wp-json\/wp\/v2\/pages\/10521","targetHints":{"allow":["GET"]}}],"collection":[{"href":"https:\/\/www.nooteboom.com\/es\/wp-json\/wp\/v2\/pages"}],"about":[{"href":"https:\/\/www.nooteboom.com\/es\/wp-json\/wp\/v2\/types\/page"}],"author":[{"embeddable":true,"href":"https:\/\/www.nooteboom.com\/es\/wp-json\/wp\/v2\/users\/45"}],"replies":[{"embeddable":true,"href":"https:\/\/www.nooteboom.com\/es\/wp-json\/wp\/v2\/comments?post=10521"}],"version-history":[{"count":5,"href":"https:\/\/www.nooteboom.com\/es\/wp-json\/wp\/v2\/pages\/10521\/revisions"}],"predecessor-version":[{"id":10728,"href":"https:\/\/www.nooteboom.com\/es\/wp-json\/wp\/v2\/pages\/10521\/revisions\/10728"}],"up":[{"embeddable":true,"href":"https:\/\/www.nooteboom.com\/es\/wp-json\/wp\/v2\/pages\/10517"}],"wp:featuredmedia":[{"embeddable":true,"href":"https:\/\/www.nooteboom.com\/es\/wp-json\/wp\/v2\/media\/4167"}],"wp:attachment":[{"href":"https:\/\/www.nooteboom.com\/es\/wp-json\/wp\/v2\/media?parent=10521"}],"curies":[{"name":"wp","href":"https:\/\/api.w.org\/{rel}","templated":true}]}}